{"id":878,"date":"2026-03-12T03:40:54","date_gmt":"2026-03-12T03:40:54","guid":{"rendered":"https:\/\/kfac.fr\/?page_id=878"},"modified":"2026-03-18T01:26:52","modified_gmt":"2026-03-18T01:26:52","slug":"programmation-2026","status":"publish","type":"page","link":"https:\/\/kfac.fr\/ko\/programmation-2026\/","title":{"rendered":"Programmation 2026"},"content":{"rendered":"<p>[et_pb_section fb_built=\u00a0\u00bb1&Prime; admin_label=\u00a0\u00bbHeader\u00a0\u00bb _builder_version=\u00a0\u00bb4.27.6&Prime; _module_preset=\u00a0\u00bbdefault\u00a0\u00bb background_color=\u00a0\u00bb#0033a0&Prime; use_background_color_gradient=\u00a0\u00bbon\u00a0\u00bb background_color_gradient_stops=\u00a0\u00bbrgba(0,0,0,0.5) 0%|rgba(0,0,0,0.5) 100%\u00a0\u00bb background_color_gradient_overlays_image=\u00a0\u00bbon\u00a0\u00bb background_image=\u00a0\u00bbhttps:\/\/kfac.fr\/wp-content\/uploads\/2026\/03\/ju-seok-header.jpg\u00a0\u00bb parallax=\u00a0\u00bbon\u00a0\u00bb background_blend=\u00a0\u00bbluminosity\u00a0\u00bb width=\u00a0\u00bb100%\u00a0\u00bb custom_padding=\u00a0\u00bb0vw||21px||false|false\u00a0\u00bb collapsed=\u00a0\u00bbon\u00a0\u00bb global_colors_info=\u00a0\u00bb{}\u00a0\u00bb][et_pb_row _builder_version=\u00a0\u00bb4.24.2&Prime; _module_preset=\u00a0\u00bbdefault\u00a0\u00bb width=\u00a0\u00bb90%\u00a0\u00bb max_width=\u00a0\u00bbnone\u00a0\u00bb custom_margin=\u00a0\u00bb|auto|-23px|auto||\u00a0\u00bb global_colors_info=\u00a0\u00bb{}\u00a0\u00bb][et_pb_column type=\u00a0\u00bb4_4&Prime; _builder_version=\u00a0\u00bb4.24.1&Prime; _module_preset=\u00a0\u00bbdefault\u00a0\u00bb global_colors_info=\u00a0\u00bb{}\u00a0\u00bb][et_pb_image src=\u00a0\u00bbhttps:\/\/kfac.fr\/wp-content\/uploads\/2026\/03\/logo-kfac-512-degrade.png\u00a0\u00bb alt=\u00a0\u00bbKorean French Art Connexion\u00a0\u00bb title_text=\u00a0\u00bblogo-kfac-512-degrade\u00a0\u00bb align=\u00a0\u00bbcenter\u00a0\u00bb _builder_version=\u00a0\u00bb4.27.6&Prime; _module_preset=\u00a0\u00bbdefault\u00a0\u00bb max_width=\u00a0\u00bb30%\u00a0\u00bb module_alignment=\u00a0\u00bbcenter\u00a0\u00bb max_height=\u00a0\u00bb34vw\u00a0\u00bb custom_margin=\u00a0\u00bb||10px||false|false\u00a0\u00bb animation_style=\u00a0\u00bbfade\u00a0\u00bb global_colors_info=\u00a0\u00bb{}\u00a0\u00bb][\/et_pb_image][et_pb_text _builder_version=\u00a0\u00bb4.27.6&Prime; _module_preset=\u00a0\u00bb570b9dd5-f93c-4c6f-b25e-8e2ce2bd2046&Prime; header_text_color=\u00a0\u00bb#FFFFFF\u00a0\u00bb header_font_size=\u00a0\u00bb3vw\u00a0\u00bb text_orientation=\u00a0\u00bbcenter\u00a0\u00bb custom_margin=\u00a0\u00bb||10px||false|false\u00a0\u00bb animation_style=\u00a0\u00bbflip\u00a0\u00bb scroll_horizontal_motion=\u00a0\u00bb0|50|50|100|-4|0|5&Prime; global_colors_info=\u00a0\u00bb{}\u00a0\u00bb]<\/p>\n<h1>\u00c9v\u00e8nements 2026<\/h1>\n<p>[\/et_pb_text][\/et_pb_column][\/et_pb_row][\/et_pb_section][et_pb_section fb_built=\u00a0\u00bb1&Prime; _builder_version=\u00a0\u00bb4.27.4&Prime; _module_preset=\u00a0\u00bbdefault\u00a0\u00bb global_colors_info=\u00a0\u00bb{}\u00a0\u00bb][et_pb_row column_structure=\u00a0\u00bb1_2,1_2&Prime; _builder_version=\u00a0\u00bb4.27.4&Prime; _module_preset=\u00a0\u00bbdefault\u00a0\u00bb global_colors_info=\u00a0\u00bb{}\u00a0\u00bb][et_pb_column type=\u00a0\u00bb1_2&Prime; _builder_version=\u00a0\u00bb4.27.4&Prime; _module_preset=\u00a0\u00bbdefault\u00a0\u00bb animation_style=\u00a0\u00bbslide\u00a0\u00bb animation_direction=\u00a0\u00bbright\u00a0\u00bb animation_duration=\u00a0\u00bb700ms\u00a0\u00bb border_radii=\u00a0\u00bbon|7px|7px|7px|7px\u00a0\u00bb border_width_all=\u00a0\u00bb2px\u00a0\u00bb global_colors_info=\u00a0\u00bb{}\u00a0\u00bb][et_pb_text _builder_version=\u00a0\u00bb4.27.6&Prime; _module_preset=\u00a0\u00bbdefault\u00a0\u00bb header_2_font_size=\u00a0\u00bb30px\u00a0\u00bb custom_margin=\u00a0\u00bb13px||||false|false\u00a0\u00bb animation_style=\u00a0\u00bbfade\u00a0\u00bb animation_duration=\u00a0\u00bb500ms\u00a0\u00bb global_colors_info=\u00a0\u00bb{}\u00a0\u00bb]<\/p>\n<h2 style=\"text-align: center;\">Rencontre avec Ju Seok<\/h2>\n<p>[\/et_pb_text][et_pb_text _builder_version=\u00a0\u00bb4.27.6&Prime; _module_preset=\u00a0\u00bbdefault\u00a0\u00bb text_text_color=\u00a0\u00bb#000000&Prime; text_font_size=\u00a0\u00bb17px\u00a0\u00bb text_line_height=\u00a0\u00bb1em\u00a0\u00bb custom_margin=\u00a0\u00bb-22px||16px||false|false\u00a0\u00bb global_colors_info=\u00a0\u00bb{}\u00a0\u00bb]<\/p>\n<p style=\"text-align: center;\"><strong><em>LE 26 MARS 2026 AU CENTRE CULTUREL COR\u00c9EN \/ PARIS<\/em><\/strong><\/p>\n<p>[\/et_pb_text][et_pb_image src=\u00a0\u00bbhttps:\/\/kfac.fr\/wp-content\/uploads\/2026\/03\/ju-seok.jpg\u00a0\u00bb alt=\u00a0\u00bbJu Seok\u00a0\u00bb title_text=\u00a0\u00bbju-seok\u00a0\u00bb url=\u00a0\u00bb@ET-DC@eyJkeW5hbWljIjp0cnVlLCJjb250ZW50IjoicG9zdF9saW5rX3VybF9wYWdlIiwic2V0dGluZ3MiOnsicG9zdF9pZCI6IjE0MyJ9fQ==@\u00a0\u00bb _builder_version=\u00a0\u00bb4.27.6&Prime; _dynamic_attributes=\u00a0\u00bburl\u00a0\u00bb _module_preset=\u00a0\u00bbdefault\u00a0\u00bb global_colors_info=\u00a0\u00bb{}\u00a0\u00bb][\/et_pb_image][et_pb_text _builder_version=\u00a0\u00bb4.27.6&Prime; _module_preset=\u00a0\u00bbdefault\u00a0\u00bb custom_margin=\u00a0\u00bb|12px||12px|false|true\u00a0\u00bb custom_padding=\u00a0\u00bb||18px||false|false\u00a0\u00bb global_colors_info=\u00a0\u00bb{}\u00a0\u00bb]<\/p>\n<p class=\"ds-markdown-paragraph\"><strong><span>Le 26 mars 2026 \u00e0 19h<\/span><\/strong><span>, le Centre Culturel Cor\u00e9en accueille <\/span><strong><span>Ju Seok<\/span><\/strong><span>, religieuse bouddhiste et po\u00e9tesse, pour une soir\u00e9e m\u00ealant po\u00e9sie, danse et musique, dans le cadre du <\/span><strong><span>Printemps des Po\u00e8tes<\/span><\/strong><span>.<\/span><\/p>\n<p class=\"ds-markdown-paragraph\"><span>L&rsquo;\u00e9v\u00e9nement c\u00e9l\u00e8bre la parution de son recueil bilingue <\/span><em><strong><span>Vous \u00eates le centre de ce jour<\/span><\/strong><\/em><span>, et s&rsquo;inscrit dans les <\/span><strong><span>140 ans des relations diplomatiques France-Cor\u00e9e<\/span><\/strong><span>, avec le soutien de l&rsquo;ambassade de Cor\u00e9e<\/span><span>.<\/span><\/p>\n<p class=\"ds-markdown-paragraph\"><span>Au programme :<\/span><\/p>\n<ul>\n<li>\n<p class=\"ds-markdown-paragraph\"><span>Lecture bilingue par le po\u00e8te <\/span><strong><span>Moon Younghoon<\/span><\/strong><\/p>\n<\/li>\n<li>\n<p class=\"ds-markdown-paragraph\"><span>Performance graphique de Ju Seok (dessins \u00e0 l&rsquo;encre)<\/span><\/p>\n<\/li>\n<li>\n<p class=\"ds-markdown-paragraph\"><span>Danses contemporaines chor\u00e9graphi\u00e9es par <\/span><strong><span>Nam Young-ho<\/span><\/strong><\/p>\n<\/li>\n<li>\n<p class=\"ds-markdown-paragraph\"><span>S\u00e9ance de d\u00e9dicaces et \u00e9change avec l&rsquo;artiste<\/span><\/p>\n<\/li>\n<\/ul>\n<p class=\"ds-markdown-paragraph\">\n<p>[\/et_pb_text][et_pb_text _builder_version=\u00a0\u00bb4.27.6&Prime; _dynamic_attributes=\u00a0\u00bblink_option_url\u00a0\u00bb _module_preset=\u00a0\u00bbdefault\u00a0\u00bb custom_margin=\u00a0\u00bb||7px||false|false\u00a0\u00bb animation_style=\u00a0\u00bbfade\u00a0\u00bb animation_direction=\u00a0\u00bbleft\u00a0\u00bb animation_duration=\u00a0\u00bb900ms\u00a0\u00bb animation_starting_opacity=\u00a0\u00bb44%\u00a0\u00bb link_option_url=\u00a0\u00bb@ET-DC@eyJkeW5hbWljIjp0cnVlLCJjb250ZW50IjoicG9zdF9saW5rX3VybF9wYWdlIiwic2V0dGluZ3MiOnsicG9zdF9pZCI6IjE0MyJ9fQ==@\u00a0\u00bb custom_css_free_form=\u00a0\u00bb.btn-read-more {||  display: inline-flex;||  align-items: center;||  padding: 0.6em 1.2em;||  background: #000000;       \/* fond noir *\/||  color: white;||  font-weight: 600;||  border-radius: 4px;        \/* bordure tr\u00e8s peu arrondie *\/||  border: 2px solid white;   \/* bordure blanche *\/||  text-decoration: none;||  font-family: &lsquo;Segoe UI&rsquo;, Tahoma, Geneva, Verdana, sans-serif;||  transition: background-color 0.3s ease, color 0.3s ease;||  cursor: pointer;||  user-select: none;||  box-shadow: none;||}||||.btn-read-more .arrow {||  display: inline-block;||  margin-left: 0.5em;||  font-weight: 700;||  transition: transform 0.3s ease;||  font-size:1.3em;||}||||.btn-read-more:hover {||  background: white;        \/* fond blanc au hover *\/||  color: black;             \/* texte noir au hover *\/||  border-color: black;      \/* bordure noire au hover *\/||}||||.btn-read-more:hover .arrow {||  transform: translateX(6px);||  color: black;||}||\u00a0\u00bb global_colors_info=\u00a0\u00bb{}\u00a0\u00bb]<\/p>\n<p style=\"text-align: center;\"><a href=\"ju-seok\" class=\"btn-read-more\">Toutes les informations <span class=\"arrow\">\u2794<\/span><\/a><\/p>\n<p>[\/et_pb_text][\/et_pb_column][et_pb_column type=\u00a0\u00bb1_2&Prime; _builder_version=\u00a0\u00bb4.27.4&Prime; _module_preset=\u00a0\u00bbdefault\u00a0\u00bb animation_style=\u00a0\u00bbslide\u00a0\u00bb animation_direction=\u00a0\u00bbleft\u00a0\u00bb animation_duration=\u00a0\u00bb500ms\u00a0\u00bb border_radii=\u00a0\u00bbon|7px|7px|7px|7px\u00a0\u00bb border_width_all=\u00a0\u00bb2px\u00a0\u00bb global_colors_info=\u00a0\u00bb{}\u00a0\u00bb][et_pb_text _builder_version=\u00a0\u00bb4.27.6&Prime; _module_preset=\u00a0\u00bbdefault\u00a0\u00bb header_2_font_size=\u00a0\u00bb30px\u00a0\u00bb custom_margin=\u00a0\u00bb13px||||false|false\u00a0\u00bb animation_style=\u00a0\u00bbfade\u00a0\u00bb animation_duration=\u00a0\u00bb500ms\u00a0\u00bb global_colors_info=\u00a0\u00bb{}\u00a0\u00bb]<\/p>\n<h2 style=\"text-align: center;\">Semaines Culturelles<\/h2>\n<p>[\/et_pb_text][et_pb_text _builder_version=\u00a0\u00bb4.27.6&Prime; _module_preset=\u00a0\u00bbdefault\u00a0\u00bb text_text_color=\u00a0\u00bb#000000&Prime; text_font_size=\u00a0\u00bb17px\u00a0\u00bb text_line_height=\u00a0\u00bb1em\u00a0\u00bb custom_margin=\u00a0\u00bb-22px||16px||false|false\u00a0\u00bb global_colors_info=\u00a0\u00bb{}\u00a0\u00bb]<\/p>\n<p style=\"text-align: center;\"><strong><em>Maison Pour Tous Frida Kahlo \/ Montpellier<\/em><\/strong><\/p>\n<p>[\/et_pb_text][et_pb_image src=\u00a0\u00bbhttps:\/\/kfac.fr\/wp-content\/uploads\/2026\/03\/Menu-coree-2.jpg\u00a0\u00bb title_text=\u00a0\u00bbMenu-coree-2&Prime; url=\u00a0\u00bb@ET-DC@eyJkeW5hbWljIjp0cnVlLCJjb250ZW50IjoicG9zdF9saW5rX3VybF9wYWdlIiwic2V0dGluZ3MiOnsicG9zdF9pZCI6IjE2OSJ9fQ==@\u00a0\u00bb disabled_on=\u00a0\u00bboff|off|off\u00a0\u00bb _builder_version=\u00a0\u00bb4.27.6&Prime; _dynamic_attributes=\u00a0\u00bburl\u00a0\u00bb _module_preset=\u00a0\u00bbdefault\u00a0\u00bb global_colors_info=\u00a0\u00bb{}\u00a0\u00bb][\/et_pb_image][et_pb_text _builder_version=\u00a0\u00bb4.27.6&Prime; _module_preset=\u00a0\u00bbdefault\u00a0\u00bb header_3_font_size=\u00a0\u00bb17px\u00a0\u00bb custom_margin=\u00a0\u00bb|12px||12px|false|true\u00a0\u00bb custom_padding=\u00a0\u00bb||18px||false|false\u00a0\u00bb global_colors_info=\u00a0\u00bb{}\u00a0\u00bb]<\/p>\n<p>Du 20 au 30 avril 2026,KFAC propose \u00e0 la MPT Frida Kahlo une s\u00e9rie d&rsquo;ateliers ludiques et cr\u00e9atifs pour d\u00e9couvrir la culture cor\u00e9enne, \u00e0 travers des activit\u00e9s accessibles \u00e0 tous \u00e2ges.<\/p>\n<p>Au programme :<br \/>\u2022 Atelier cartes traditionnelles cor\u00e9ennes<br \/>Mardi 20 avril \u2013 \u00c0 partir de 6\/8 ans<br \/>\u2022 Atelier \u00e9ventail traditionnel<br \/>Mercredi 21 avril \u2013 \u00c0 partir de 6\/8 ans<br \/>\u2022 Atelier cuisine cor\u00e9enne<br \/>Jeudi 22 avril \u2013 Tout public\u00a0<br \/>\u2022 Ateliers danse K-Pop (adolescents \u2013 12 \u00e0 16 ans)<br \/>Du mardi 28 au jeudi 30 avril<br \/>\u2022 Animation culturelle K-Pop<br \/>Mercredi 29 avril<\/p>\n<p>\u2794 D\u00e9tails annonc\u00e9s prochainement<\/p>\n<p>[\/et_pb_text][et_pb_text disabled_on=\u00a0\u00bbon|on|on\u00a0\u00bb _builder_version=\u00a0\u00bb4.27.4&Prime; _dynamic_attributes=\u00a0\u00bblink_option_url\u00a0\u00bb _module_preset=\u00a0\u00bbdefault\u00a0\u00bb custom_margin=\u00a0\u00bb||7px||false|false\u00a0\u00bb animation_style=\u00a0\u00bbfade\u00a0\u00bb animation_direction=\u00a0\u00bbleft\u00a0\u00bb animation_duration=\u00a0\u00bb800ms\u00a0\u00bb animation_starting_opacity=\u00a0\u00bb44%\u00a0\u00bb link_option_url=\u00a0\u00bb@ET-DC@eyJkeW5hbWljIjp0cnVlLCJjb250ZW50IjoicG9zdF9saW5rX3VybF9wYWdlIiwic2V0dGluZ3MiOnsicG9zdF9pZCI6IjE2OSJ9fQ==@\u00a0\u00bb custom_css_free_form=\u00a0\u00bb.btn-read-more {||  display: inline-flex;||  align-items: center;||  padding: 0.6em 1.2em;||  background: #000000;       \/* fond noir *\/||  color: white;||  font-weight: 600;||  border-radius: 4px;        \/* bordure tr\u00e8s peu arrondie *\/||  border: 2px solid white;   \/* bordure blanche *\/||  text-decoration: none;||  font-family: &lsquo;Segoe UI&rsquo;, Tahoma, Geneva, Verdana, sans-serif;||  transition: background-color 0.3s ease, color 0.3s ease;||  cursor: pointer;||  user-select: none;||  box-shadow: none;||}||||.btn-read-more .arrow {||  display: inline-block;||  margin-left: 0.5em;||  font-weight: 700;||  transition: transform 0.3s ease;||  font-size:1.3em;||}||||.btn-read-more:hover {||  background: white;        \/* fond blanc au hover *\/||  color: black;             \/* texte noir au hover *\/||  border-color: black;      \/* bordure noire au hover *\/||}||||.btn-read-more:hover .arrow {||  transform: translateX(6px);||  color: black;||}||\u00a0\u00bb disabled=\u00a0\u00bbon\u00a0\u00bb global_colors_info=\u00a0\u00bb{}\u00a0\u00bb]<\/p>\n<p style=\"text-align: center;\"> <a href=\"seoul-gyobang\/\" class=\"btn-read-more\">Toutes les informations <span class=\"arrow\">&#10132;<\/span><\/a><\/p>\n<p>[\/et_pb_text][\/et_pb_column][\/et_pb_row][et_pb_row _builder_version=\u00a0\u00bb4.27.6&Prime; _module_preset=\u00a0\u00bbdefault\u00a0\u00bb custom_margin=\u00a0\u00bb||0px||false|false\u00a0\u00bb custom_padding=\u00a0\u00bb||0px||false|false\u00a0\u00bb global_colors_info=\u00a0\u00bb{}\u00a0\u00bb][et_pb_column type=\u00a0\u00bb4_4&Prime; _builder_version=\u00a0\u00bb4.27.6&Prime; _module_preset=\u00a0\u00bbdefault\u00a0\u00bb global_colors_info=\u00a0\u00bb{}\u00a0\u00bb][et_pb_text _builder_version=\u00a0\u00bb4.27.6&Prime; _module_preset=\u00a0\u00bbdefault\u00a0\u00bb global_colors_info=\u00a0\u00bb{}\u00a0\u00bb]<\/p>\n<h3 style=\"text-align: center;\">De nombreux autres \u00e9v\u00e9nements seront annonc\u00e9s au fil de l\u2019ann\u00e9e !<\/h3>\n<h4 style=\"text-align: center;\"><em>Inscrivez-vous \u00e0 notre newsletter pour \u00eatre tenu au courant.<\/em><\/h4>\n<p>[\/et_pb_text][\/et_pb_column][\/et_pb_row][et_pb_row _builder_version=\u00a0\u00bb4.27.6&Prime; _module_preset=\u00a0\u00bbdefault\u00a0\u00bb hover_enabled=\u00a0\u00bb0&Prime; global_colors_info=\u00a0\u00bb{}\u00a0\u00bb custom_margin=\u00a0\u00bb0px||0px||false|false\u00a0\u00bb custom_padding=\u00a0\u00bb0px||0px||false|false\u00a0\u00bb sticky_enabled=\u00a0\u00bb0&Prime;][et_pb_column type=\u00a0\u00bb4_4&Prime; _builder_version=\u00a0\u00bb4.27.4&Prime; _module_preset=\u00a0\u00bbdefault\u00a0\u00bb global_colors_info=\u00a0\u00bb{}\u00a0\u00bb][et_pb_code _builder_version=\u00a0\u00bb4.27.4&Prime; _module_preset=\u00a0\u00bbdefault\u00a0\u00bb global_colors_info=\u00a0\u00bb{}\u00a0\u00bb]<iframe data-w-type=\"embedded\" frameborder=\"0\" scrolling=\"no\" marginheight=\"0\" marginwidth=\"0\" src=\"https:\/\/458v.mj.am\/wgt\/458v\/q33\/form?c=f7b4f023\" width=\"100%\" style=\"height: 0;\"><\/iframe><!-- [et_pb_line_break_holder] --><!-- [et_pb_line_break_holder] --><script type=\"text\/javascript\" src=\"https:\/\/app.mailjet.com\/pas-nc-embedded-v1.js\"><\/script>[\/et_pb_code][\/et_pb_column][\/et_pb_row][\/et_pb_section][et_pb_section fb_built=\u00a0\u00bb1&Prime; admin_label=\u00a0\u00bbFooter\u00a0\u00bb _builder_version=\u00a0\u00bb4.27.4&Prime; _module_preset=\u00a0\u00bbdefault\u00a0\u00bb background_color=\u00a0\u00bb#000000&Prime; custom_padding=\u00a0\u00bb0px||0px||false|false\u00a0\u00bb saved_tabs=\u00a0\u00bball\u00a0\u00bb locked=\u00a0\u00bboff\u00a0\u00bb collapsed=\u00a0\u00bbon\u00a0\u00bb global_colors_info=\u00a0\u00bb{}\u00a0\u00bb][et_pb_row column_structure=\u00a0\u00bb1_3,1_3,1_3&Prime; _builder_version=\u00a0\u00bb4.24.2&Prime; _module_preset=\u00a0\u00bbdefault\u00a0\u00bb width=\u00a0\u00bb90%\u00a0\u00bb max_width=\u00a0\u00bbnone\u00a0\u00bb global_colors_info=\u00a0\u00bb{}\u00a0\u00bb][et_pb_column type=\u00a0\u00bb1_3&Prime; _builder_version=\u00a0\u00bb4.24.1&Prime; _module_preset=\u00a0\u00bbdefault\u00a0\u00bb global_colors_info=\u00a0\u00bb{}\u00a0\u00bb][\/et_pb_column][et_pb_column type=\u00a0\u00bb1_3&Prime; _builder_version=\u00a0\u00bb4.24.1&Prime; _module_preset=\u00a0\u00bbdefault\u00a0\u00bb global_colors_info=\u00a0\u00bb{}\u00a0\u00bb][et_pb_image src=\u00a0\u00bbhttp:\/\/kfac.fr\/wp-content\/uploads\/2025\/05\/logo-kfac-h70-white.png\u00a0\u00bb alt=\u00a0\u00bbKorean French Art Connexion\u00a0\u00bb title_text=\u00a0\u00bblogo-kfac-h70-white\u00a0\u00bb url=\u00a0\u00bb@ET-DC@eyJkeW5hbWljIjp0cnVlLCJjb250ZW50IjoiaG9tZV91cmwiLCJzZXR0aW5ncyI6e319@\u00a0\u00bb align=\u00a0\u00bbcenter\u00a0\u00bb _builder_version=\u00a0\u00bb4.27.4&Prime; _dynamic_attributes=\u00a0\u00bburl\u00a0\u00bb _module_preset=\u00a0\u00bbdefault\u00a0\u00bb global_colors_info=\u00a0\u00bb{}\u00a0\u00bb][\/et_pb_image][\/et_pb_column][et_pb_column type=\u00a0\u00bb1_3&Prime; _builder_version=\u00a0\u00bb4.24.1&Prime; _module_preset=\u00a0\u00bbdefault\u00a0\u00bb global_colors_info=\u00a0\u00bb{}\u00a0\u00bb][et_pb_social_media_follow _builder_version=\u00a0\u00bb4.27.4&Prime; _module_preset=\u00a0\u00bbdefault\u00a0\u00bb text_orientation=\u00a0\u00bbright\u00a0\u00bb text_orientation_tablet=\u00a0\u00bbcenter\u00a0\u00bb text_orientation_phone=\u00a0\u00bbcenter\u00a0\u00bb text_orientation_last_edited=\u00a0\u00bbon|tablet\u00a0\u00bb global_colors_info=\u00a0\u00bb{}\u00a0\u00bb][et_pb_social_media_follow_network social_network=\u00a0\u00bbfacebook\u00a0\u00bb url=\u00a0\u00bbhttps:\/\/www.facebook.com\/festivalcoreedici\u00a0\u00bb _builder_version=\u00a0\u00bb4.27.4&Prime; _module_preset=\u00a0\u00bbdefault\u00a0\u00bb global_colors_info=\u00a0\u00bb{}\u00a0\u00bb follow_button=\u00a0\u00bboff\u00a0\u00bb url_new_window=\u00a0\u00bbon\u00a0\u00bb]facebook[\/et_pb_social_media_follow_network][et_pb_social_media_follow_network social_network=\u00a0\u00bbinstagram\u00a0\u00bb url=\u00a0\u00bbhttps:\/\/www.instagram.com\/association_coreegraphie\/\u00a0\u00bb _builder_version=\u00a0\u00bb4.27.4&Prime; _module_preset=\u00a0\u00bbdefault\u00a0\u00bb global_colors_info=\u00a0\u00bb{}\u00a0\u00bb follow_button=\u00a0\u00bboff\u00a0\u00bb url_new_window=\u00a0\u00bbon\u00a0\u00bb]instagram[\/et_pb_social_media_follow_network][et_pb_social_media_follow_network social_network=\u00a0\u00bbtiktok\u00a0\u00bb url=\u00a0\u00bbhttps:\/\/www.tiktok.com\/@coreegraphie\u00a0\u00bb _builder_version=\u00a0\u00bb4.27.4&Prime; _module_preset=\u00a0\u00bbdefault\u00a0\u00bb background_color=\u00a0\u00bbRGBA(255,255,255,0)\u00a0\u00bb background_enable_color=\u00a0\u00bbon\u00a0\u00bb global_colors_info=\u00a0\u00bb{}\u00a0\u00bb follow_button=\u00a0\u00bboff\u00a0\u00bb url_new_window=\u00a0\u00bbon\u00a0\u00bb]tiktok[\/et_pb_social_media_follow_network][et_pb_social_media_follow_network social_network=\u00a0\u00bbyoutube\u00a0\u00bb url=\u00a0\u00bbhttps:\/\/www.youtube.com\/channel\/UCqpPGDrDt0USoG3pQdcu7PQ\/videos\u00a0\u00bb _builder_version=\u00a0\u00bb4.27.4&Prime; _module_preset=\u00a0\u00bbdefault\u00a0\u00bb background_color=\u00a0\u00bbRGBA(255,255,255,0)\u00a0\u00bb background_enable_color=\u00a0\u00bbon\u00a0\u00bb global_colors_info=\u00a0\u00bb{}\u00a0\u00bb follow_button=\u00a0\u00bboff\u00a0\u00bb url_new_window=\u00a0\u00bbon\u00a0\u00bb]youtube[\/et_pb_social_media_follow_network][\/et_pb_social_media_follow][\/et_pb_column][\/et_pb_row][\/et_pb_section]<\/p>\n","protected":false},"excerpt":{"rendered":"<p>\u00c9v\u00e8nements 2026Rencontre avec Ju SeokLE 26 MARS 2026 AU CENTRE CULTUREL COR\u00c9EN \/ PARISLe 26 mars 2026 \u00e0 19h, le Centre Culturel Cor\u00e9en accueille Ju Seok, religieuse bouddhiste et po\u00e9tesse, pour une soir\u00e9e m\u00ealant po\u00e9sie, danse et musique, dans le cadre du Printemps des Po\u00e8tes. L&rsquo;\u00e9v\u00e9nement c\u00e9l\u00e8bre la parution de son recueil bilingue Vous \u00eates [&hellip;]<\/p>\n","protected":false},"author":1,"featured_media":0,"parent":0,"menu_order":0,"comment_status":"closed","ping_status":"closed","template":"","meta":{"_et_pb_use_builder":"on","_et_pb_old_content":"","_et_gb_content_width":"","footnotes":""},"class_list":["post-878","page","type-page","status-publish","hentry"],"_links":{"self":[{"href":"https:\/\/kfac.fr\/ko\/wp-json\/wp\/v2\/pages\/878","targetHints":{"allow":["GET"]}}],"collection":[{"href":"https:\/\/kfac.fr\/ko\/wp-json\/wp\/v2\/pages"}],"about":[{"href":"https:\/\/kfac.fr\/ko\/wp-json\/wp\/v2\/types\/page"}],"author":[{"embeddable":true,"href":"https:\/\/kfac.fr\/ko\/wp-json\/wp\/v2\/users\/1"}],"replies":[{"embeddable":true,"href":"https:\/\/kfac.fr\/ko\/wp-json\/wp\/v2\/comments?post=878"}],"version-history":[{"count":18,"href":"https:\/\/kfac.fr\/ko\/wp-json\/wp\/v2\/pages\/878\/revisions"}],"predecessor-version":[{"id":1071,"href":"https:\/\/kfac.fr\/ko\/wp-json\/wp\/v2\/pages\/878\/revisions\/1071"}],"wp:attachment":[{"href":"https:\/\/kfac.fr\/ko\/wp-json\/wp\/v2\/media?parent=878"}],"curies":[{"name":"wp","href":"https:\/\/api.w.org\/{rel}","templated":true}]}}