{"id":375,"date":"2025-05-28T02:06:43","date_gmt":"2025-05-28T02:06:43","guid":{"rendered":"http:\/\/kfac.fr\/?page_id=375"},"modified":"2026-03-18T01:32:42","modified_gmt":"2026-03-18T01:32:42","slug":"festival-coree-dici","status":"publish","type":"page","link":"https:\/\/kfac.fr\/ko\/archives\/festival-coree-dici\/","title":{"rendered":"Archives \/ Festival Cor\u00e9e d&rsquo;ici"},"content":{"rendered":"<p>[et_pb_section fb_built=\u00a0\u00bb1&Prime; admin_label=\u00a0\u00bbHeader\u00a0\u00bb _builder_version=\u00a0\u00bb4.27.4&Prime; _module_preset=\u00a0\u00bbdefault\u00a0\u00bb background_color=\u00a0\u00bb#0033a0&Prime; use_background_color_gradient=\u00a0\u00bbon\u00a0\u00bb background_color_gradient_stops=\u00a0\u00bbrgba(0,0,0,0.5) 0%|rgba(0,0,0,0.5) 100%\u00a0\u00bb background_color_gradient_overlays_image=\u00a0\u00bbon\u00a0\u00bb background_image=\u00a0\u00bbhttp:\/\/kfac.fr\/wp-content\/uploads\/2025\/05\/festival-coree-dici-10ans.jpg\u00a0\u00bb parallax=\u00a0\u00bbon\u00a0\u00bb background_blend=\u00a0\u00bbluminosity\u00a0\u00bb width=\u00a0\u00bb100%\u00a0\u00bb custom_padding=\u00a0\u00bb0vw||21px||false|false\u00a0\u00bb collapsed=\u00a0\u00bbon\u00a0\u00bb global_colors_info=\u00a0\u00bb{}\u00a0\u00bb][et_pb_row _builder_version=\u00a0\u00bb4.24.2&Prime; _module_preset=\u00a0\u00bbdefault\u00a0\u00bb width=\u00a0\u00bb90%\u00a0\u00bb max_width=\u00a0\u00bbnone\u00a0\u00bb custom_margin=\u00a0\u00bb|auto|-23px|auto||\u00a0\u00bb global_colors_info=\u00a0\u00bb{}\u00a0\u00bb][et_pb_column type=\u00a0\u00bb4_4&Prime; _builder_version=\u00a0\u00bb4.24.1&Prime; _module_preset=\u00a0\u00bbdefault\u00a0\u00bb global_colors_info=\u00a0\u00bb{}\u00a0\u00bb][et_pb_image src=\u00a0\u00bbhttp:\/\/kfac.fr\/wp-content\/uploads\/2025\/05\/logo-coree-dici-800-white.png\u00a0\u00bb alt=\u00a0\u00bbFestival Cor\u00e9e d&rsquo;ici\u00a0\u00bb title_text=\u00a0\u00bblogo-coree-d&rsquo;ici-800-white\u00a0\u00bb align=\u00a0\u00bbcenter\u00a0\u00bb _builder_version=\u00a0\u00bb4.27.4&Prime; _module_preset=\u00a0\u00bbdefault\u00a0\u00bb max_width=\u00a0\u00bb30%\u00a0\u00bb module_alignment=\u00a0\u00bbcenter\u00a0\u00bb max_height=\u00a0\u00bb34vw\u00a0\u00bb custom_margin=\u00a0\u00bb||10px||false|false\u00a0\u00bb animation_style=\u00a0\u00bbfade\u00a0\u00bb global_colors_info=\u00a0\u00bb{}\u00a0\u00bb][\/et_pb_image][et_pb_text _builder_version=\u00a0\u00bb4.27.4&Prime; _module_preset=\u00a0\u00bb570b9dd5-f93c-4c6f-b25e-8e2ce2bd2046&Prime; header_text_color=\u00a0\u00bb#FFFFFF\u00a0\u00bb header_font_size=\u00a0\u00bb4vw\u00a0\u00bb text_orientation=\u00a0\u00bbcenter\u00a0\u00bb custom_margin=\u00a0\u00bb||10px||false|false\u00a0\u00bb animation_style=\u00a0\u00bbflip\u00a0\u00bb scroll_horizontal_motion=\u00a0\u00bb0|50|50|100|-4|0|5&Prime; global_colors_info=\u00a0\u00bb{}\u00a0\u00bb]<\/p>\n<h1>Festival Cor\u00e9e d&rsquo;ici<\/h1>\n<p>[\/et_pb_text][\/et_pb_column][\/et_pb_row][\/et_pb_section][et_pb_section fb_built=\u00a0\u00bb1&Prime; _builder_version=\u00a0\u00bb4.27.4&Prime; _module_preset=\u00a0\u00bbdefault\u00a0\u00bb global_colors_info=\u00a0\u00bb{}\u00a0\u00bb][et_pb_row column_structure=\u00a0\u00bb1_2,1_2&Prime; _builder_version=\u00a0\u00bb4.27.4&Prime; _module_preset=\u00a0\u00bbdefault\u00a0\u00bb max_width=\u00a0\u00bb80%\u00a0\u00bb global_colors_info=\u00a0\u00bb{}\u00a0\u00bb][et_pb_column type=\u00a0\u00bb1_2&Prime; _builder_version=\u00a0\u00bb4.27.4&Prime; _module_preset=\u00a0\u00bbdefault\u00a0\u00bb global_colors_info=\u00a0\u00bb{}\u00a0\u00bb][et_pb_text _builder_version=\u00a0\u00bb4.27.4&Prime; _module_preset=\u00a0\u00bb94348bfe-9160-40f2-a5f0-d862bcd89ff1&Prime; header_2_font_size=\u00a0\u00bb55px\u00a0\u00bb header_3_font_size=\u00a0\u00bb25px\u00a0\u00bb max_width=\u00a0\u00bb100%\u00a0\u00bb custom_margin=\u00a0\u00bb0px||0px||false|false\u00a0\u00bb custom_padding=\u00a0\u00bb0px||0px||false|false\u00a0\u00bb animation_style=\u00a0\u00bbfade\u00a0\u00bb animation_duration=\u00a0\u00bb500ms\u00a0\u00bb global_colors_info=\u00a0\u00bb{}\u00a0\u00bb]<\/p>\n<h2>Festival Cor\u00e9e d\u2019Ici<\/h2>\n<p>[\/et_pb_text][et_pb_text _builder_version=\u00a0\u00bb4.27.4&Prime; _module_preset=\u00a0\u00bbfb1c5645-9bde-45e1-8467-0687ce78b789&Prime; max_width=\u00a0\u00bb100%\u00a0\u00bb animation_style=\u00a0\u00bbfade\u00a0\u00bb animation_duration=\u00a0\u00bb750ms\u00a0\u00bb global_colors_info=\u00a0\u00bb{}\u00a0\u00bb]<\/p>\n<h4>Cor\u00e9e d\u2019Ici est un festival artistique et culturel pluridisciplinaire d\u00e9di\u00e9 \u00e0 la valorisation de la culture cor\u00e9enne et aux \u00e9changes franco-cor\u00e9ens.<br \/>N\u00e9 en 2015 lors de l&rsquo;ann\u00e9e de l&rsquo;amiti\u00e9 France-Cor\u00e9e et il est devenu en une dizaine d&rsquo;ann\u00e9e un \u00e9v\u00e9nement de premier ordre dans le sud de la France.<\/h4>\n<h4>La 10e et ultime \u00e9dition s&rsquo;est d\u00e9roul\u00e9e du 10 au 20 octobre 2024 \u00e0 Montpellier.<\/h4>\n<p>[\/et_pb_text][et_pb_text _builder_version=\u00a0\u00bb4.27.4&Prime; _module_preset=\u00a0\u00bbdefault\u00a0\u00bb global_colors_info=\u00a0\u00bb{}\u00a0\u00bb]<\/p>\n<p>Site web du festival : <a href=\"http:\/\/festivalcoreedici.com\/\">festivalcoreedici.com<\/a><\/p>\n<p>[\/et_pb_text][\/et_pb_column][et_pb_column type=\u00a0\u00bb1_2&Prime; _builder_version=\u00a0\u00bb4.27.4&Prime; _module_preset=\u00a0\u00bbdefault\u00a0\u00bb custom_padding=\u00a0\u00bb0px|0px|0px|0px|false|false\u00a0\u00bb global_colors_info=\u00a0\u00bb{}\u00a0\u00bb][et_pb_image src=\u00a0\u00bbhttp:\/\/kfac.fr\/wp-content\/uploads\/2025\/05\/logo-coree-dici-800.png\u00a0\u00bb alt=\u00a0\u00bbFestival Cor\u00e9e d&rsquo;ici\u00a0\u00bb title_text=\u00a0\u00bblogo-coree-d&rsquo;ici-800&Prime; _builder_version=\u00a0\u00bb4.27.4&Prime; _module_preset=\u00a0\u00bbdefault\u00a0\u00bb animation_style=\u00a0\u00bbfade\u00a0\u00bb global_colors_info=\u00a0\u00bb{}\u00a0\u00bb][\/et_pb_image][\/et_pb_column][\/et_pb_row][\/et_pb_section][et_pb_section fb_built=\u00a0\u00bb1&Prime; _builder_version=\u00a0\u00bb4.27.4&Prime; _module_preset=\u00a0\u00bbdefault\u00a0\u00bb global_colors_info=\u00a0\u00bb{}\u00a0\u00bb][et_pb_row module_class=\u00a0\u00bbarchives-container\u00a0\u00bb _builder_version=\u00a0\u00bb4.27.4&Prime; _module_preset=\u00a0\u00bbdefault\u00a0\u00bb width=\u00a0\u00bb90%\u00a0\u00bb max_width=\u00a0\u00bb100%\u00a0\u00bb global_colors_info=\u00a0\u00bb{}\u00a0\u00bb][et_pb_column type=\u00a0\u00bb4_4&Prime; _builder_version=\u00a0\u00bb4.27.4&Prime; _module_preset=\u00a0\u00bbdefault\u00a0\u00bb global_colors_info=\u00a0\u00bb{}\u00a0\u00bb][et_pb_text _builder_version=\u00a0\u00bb4.27.6&Prime; _module_preset=\u00a0\u00bbdefault\u00a0\u00bb hover_enabled=\u00a0\u00bb0&Prime; global_colors_info=\u00a0\u00bb{}\u00a0\u00bb header_2_text_color=\u00a0\u00bb#000000&Prime; header_2_font_size=\u00a0\u00bb2.52vw\u00a0\u00bb sticky_enabled=\u00a0\u00bb0&Prime; header_2_text_color_last_edited=\u00a0\u00bbon|phone\u00a0\u00bb header_2_text_color_tablet=\u00a0\u00bb#000000&Prime; header_2_text_color_phone=\u00a0\u00bb#000000&Prime;]<\/p>\n<h2 style=\"text-align: center;\">Cliquez sur l\u2019affiche de chaque \u00e9dition pour en d\u00e9couvrir le programme.<\/h2>\n<p>[\/et_pb_text][et_pb_code _builder_version=\u00a0\u00bb4.27.4&Prime; _module_preset=\u00a0\u00bbdefault\u00a0\u00bb text_orientation=\u00a0\u00bbcenter\u00a0\u00bb custom_margin=\u00a0\u00bb0px||0px|0px|false|false\u00a0\u00bb custom_padding=\u00a0\u00bb0px|0px|0px|0px|false|false\u00a0\u00bb custom_css_free_form=\u00a0\u00bb.visuelsarchive {||  display: block;||  max-width: 100%;||  height: auto;||  margin: 1em auto; \/* centre horizontalement + espace entre les images *\/||}||||@media (min-width: 768px) {||  .visuelsarchive {||    margin: 1em; \/* marge lat\u00e9rale en mode desktop *\/||    display: inline-block;||    vertical-align: top;||  }||}\u00a0\u00bb global_colors_info=\u00a0\u00bb{}\u00a0\u00bb]<!-- [et_pb_line_break_holder] -->                       <!-- [et_pb_line_break_holder] --><a href=\"http:\/\/festivalcoreedici.com\/2024\" target=\"_blank\"><img decoding=\"async\" src=\"https:\/\/kfac.fr\/wp-content\/uploads\/2025\/05\/visuel2024.jpg\" class=\"visuelsarchive\"><\/a><!-- [et_pb_line_break_holder] --><a href=\"http:\/\/festivalcoreedici.com\/2023\" target=\"_blank\"><img decoding=\"async\" src=\"https:\/\/kfac.fr\/wp-content\/uploads\/2025\/05\/visuel2023.jpg\" class=\"visuelsarchive\"><\/a><!-- [et_pb_line_break_holder] --><a href=\"http:\/\/festivalcoreedici.com\/2022\" target=\"_blank\"><img decoding=\"async\" src=\"https:\/\/kfac.fr\/wp-content\/uploads\/2025\/05\/visuel2022.jpg\" class=\"visuelsarchive\"><\/a><!-- [et_pb_line_break_holder] --><a href=\"http:\/\/festivalcoreedici.com\/2021\" target=\"_blank\"><img decoding=\"async\" src=\"https:\/\/kfac.fr\/wp-content\/uploads\/2025\/05\/visuel2021.jpg\" class=\"visuelsarchive\"><\/a><!-- [et_pb_line_break_holder] --><a href=\"http:\/\/festivalcoreedici.com\/2020\" target=\"_blank\"><img decoding=\"async\" src=\"https:\/\/kfac.fr\/wp-content\/uploads\/2025\/05\/visuel2020.jpg\" class=\"visuelsarchive\"><\/a><!-- [et_pb_line_break_holder] --><a href=\"http:\/\/festivalcoreedici.com\/2019\" target=\"_blank\"><img decoding=\"async\" src=\"https:\/\/kfac.fr\/wp-content\/uploads\/2025\/05\/visuel2019.jpg\" class=\"visuelsarchive\"><\/a><!-- [et_pb_line_break_holder] --><a href=\"http:\/\/festivalcoreedici.com\/2018\" target=\"_blank\"><img decoding=\"async\" src=\"https:\/\/kfac.fr\/wp-content\/uploads\/2025\/05\/visuel2018.jpg\" class=\"visuelsarchive\"><\/a><!-- [et_pb_line_break_holder] --><a href=\"http:\/\/festivalcoreedici.com\/2017\" target=\"_blank\"><img decoding=\"async\" src=\"https:\/\/kfac.fr\/wp-content\/uploads\/2025\/05\/visuel2017.jpg\" class=\"visuelsarchive\"><\/a><!-- [et_pb_line_break_holder] --><a href=\"http:\/\/festivalcoreedici.com\/2016\" target=\"_blank\"><img decoding=\"async\" src=\"https:\/\/kfac.fr\/wp-content\/uploads\/2025\/05\/visuel2016.jpg\" class=\"visuelsarchive\"><\/a><!-- [et_pb_line_break_holder] --><a href=\"http:\/\/festivalcoreedici.com\/2015\" target=\"_blank\"><img decoding=\"async\" src=\"https:\/\/kfac.fr\/wp-content\/uploads\/2025\/05\/visuel2015.jpg\" class=\"visuelsarchive\"><\/a><!-- [et_pb_line_break_holder] --><!-- [et_pb_line_break_holder] --><!-- [et_pb_line_break_holder] -->[\/et_pb_code][\/et_pb_column][\/et_pb_row][\/et_pb_section][et_pb_section fb_built=\u00a0\u00bb1&Prime; _builder_version=\u00a0\u00bb4.27.4&Prime; _module_preset=\u00a0\u00bbdefault\u00a0\u00bb background_color=\u00a0\u00bb#0C71C3&Prime; background_image=\u00a0\u00bbhttps:\/\/kfac.fr\/wp-content\/uploads\/2025\/05\/festival-coree-dici-10ans.jpg\u00a0\u00bb parallax=\u00a0\u00bbon\u00a0\u00bb background_blend=\u00a0\u00bbcolor\u00a0\u00bb module_alignment=\u00a0\u00bbcenter\u00a0\u00bb custom_css_free_form=\u00a0\u00bb.et_pb_row {||  text-align: center;||}\u00a0\u00bb global_colors_info=\u00a0\u00bb{}\u00a0\u00bb][et_pb_row module_class=\u00a0\u00bbauto-width-text\u00a0\u00bb _builder_version=\u00a0\u00bb4.27.4&Prime; _module_preset=\u00a0\u00bbdefault\u00a0\u00bb background_color=\u00a0\u00bb#0C71C3&Prime; width=\u00a0\u00bbauto\u00a0\u00bb custom_css_free_form=\u00a0\u00bb.auto-width-text {||  display: table;||  padding: 1.23425em;||  margin: 0 auto; \/* centre horizontalement *\/||  width: auto !important;||  max-width: 100%;||  box-sizing: border-box;||}\u00a0\u00bb global_colors_info=\u00a0\u00bb{}\u00a0\u00bb][et_pb_column type=\u00a0\u00bb4_4&Prime; _builder_version=\u00a0\u00bb4.27.4&Prime; _module_preset=\u00a0\u00bbdefault\u00a0\u00bb global_colors_info=\u00a0\u00bb{}\u00a0\u00bb][et_pb_code _builder_version=\u00a0\u00bb4.27.4&Prime; _module_preset=\u00a0\u00bbdefault\u00a0\u00bb text_orientation=\u00a0\u00bbcenter\u00a0\u00bb custom_css_free_form=\u00a0\u00bb.plusgrosenhover:hover {font-size: 1.1em;transition:0.51s all;color:pink;}||.plusgrosenhover {font-size: 1em;color:yellow;transition:0.41s all;}||h2 {font-size:1.86em;color:white;padding-bottom:0.32em;}\u00a0\u00bb global_colors_info=\u00a0\u00bb{}\u00a0\u00bb]<!-- [et_pb_line_break_holder] --><\/p>\n<h2><i>Bilans des \u00e9ditions du festival <\/i><!\u2013- [et_pb_br_holder] -\u2013>~<\/h2>\n<p><!-- [et_pb_line_break_holder] --><\/p>\n<h3>\u2799 <!-- [et_pb_line_break_holder] -->  <a href=\"\/bilans\/bilan-coree-d-ici-2024.pdf\" <!-- [et_pb_line_break_holder] -->     class=\u00a0\u00bbplusgrosenhover\u00a0\u00bb <!-- [et_pb_line_break_holder] -->     title=\u00a0\u00bbT\u00e9l\u00e9charger le bilan de l&rsquo;\u00e9dition 2024 au format PDF\u00a0\u00bb <!-- [et_pb_line_break_holder] -->     target=\u00a0\u00bb_blank\u00a0\u00bb <!-- [et_pb_line_break_holder] -->     rel=\u00a0\u00bbnoopener noreferrer\u00a0\u00bb><!-- [et_pb_line_break_holder] -->    Bilan de l&rsquo;\u00e9dition 2024<!-- [et_pb_line_break_holder] -->  <\/a><!-- [et_pb_line_break_holder] --><\/h3>\n<p><!-- [et_pb_line_break_holder] --><!-- [et_pb_line_break_holder] --><\/p>\n<h3>\u2799 <!-- [et_pb_line_break_holder] -->  <a href=\"\/bilans\/bilan-coree-d-ici-2023.pdf\" <!-- [et_pb_line_break_holder] -->     class=\u00a0\u00bbplusgrosenhover\u00a0\u00bb <!-- [et_pb_line_break_holder] -->     title=\u00a0\u00bbT\u00e9l\u00e9charger le bilan de l&rsquo;\u00e9dition 2023 au format PDF\u00a0\u00bb <!-- [et_pb_line_break_holder] -->     target=\u00a0\u00bb_blank\u00a0\u00bb <!-- [et_pb_line_break_holder] -->     rel=\u00a0\u00bbnoopener noreferrer\u00a0\u00bb><!-- [et_pb_line_break_holder] -->    Bilan de l&rsquo;\u00e9dition 2023<!-- [et_pb_line_break_holder] -->  <\/a><!-- [et_pb_line_break_holder] --><\/h3>\n<p><!-- [et_pb_line_break_holder] --><!-- [et_pb_line_break_holder] --><\/p>\n<h3>\u2799 <!-- [et_pb_line_break_holder] -->  <a href=\"\/bilans\/bilan-coree-d-ici-2022.pdf\" <!-- [et_pb_line_break_holder] -->     class=\u00a0\u00bbplusgrosenhover\u00a0\u00bb <!-- [et_pb_line_break_holder] -->     title=\u00a0\u00bbT\u00e9l\u00e9charger le bilan de l&rsquo;\u00e9dition 2022 au format PDF\u00a0\u00bb <!-- [et_pb_line_break_holder] -->     target=\u00a0\u00bb_blank\u00a0\u00bb <!-- [et_pb_line_break_holder] -->     rel=\u00a0\u00bbnoopener noreferrer\u00a0\u00bb><!-- [et_pb_line_break_holder] -->    Bilan de l&rsquo;\u00e9dition 2022<!-- [et_pb_line_break_holder] -->  <\/a><!-- [et_pb_line_break_holder] --><\/h3>\n<p><!-- [et_pb_line_break_holder] --><!-- [et_pb_line_break_holder] --><\/p>\n<h3>\u2799 <!-- [et_pb_line_break_holder] -->  <a href=\"\/bilans\/bilan-coree-d-ici-2021.pdf\" <!-- [et_pb_line_break_holder] -->     class=\u00a0\u00bbplusgrosenhover\u00a0\u00bb <!-- [et_pb_line_break_holder] -->     title=\u00a0\u00bbT\u00e9l\u00e9charger le bilan de l&rsquo;\u00e9dition 2021 au format PDF\u00a0\u00bb <!-- [et_pb_line_break_holder] -->     target=\u00a0\u00bb_blank\u00a0\u00bb <!-- [et_pb_line_break_holder] -->     rel=\u00a0\u00bbnoopener noreferrer\u00a0\u00bb><!-- [et_pb_line_break_holder] -->    Bilan de l&rsquo;\u00e9dition 2021<!-- [et_pb_line_break_holder] -->  <\/a><!-- [et_pb_line_break_holder] --><\/h3>\n<p><!-- [et_pb_line_break_holder] --><!-- [et_pb_line_break_holder] --><\/p>\n<h3>\u2799 <!-- [et_pb_line_break_holder] -->  <a href=\"\/bilans\/bilan-coree-d-ici-2020.pdf\" <!-- [et_pb_line_break_holder] -->     class=\u00a0\u00bbplusgrosenhover\u00a0\u00bb <!-- [et_pb_line_break_holder] -->     title=\u00a0\u00bbT\u00e9l\u00e9charger le bilan de l&rsquo;\u00e9dition 2020 au format PDF\u00a0\u00bb <!-- [et_pb_line_break_holder] -->     target=\u00a0\u00bb_blank\u00a0\u00bb <!-- [et_pb_line_break_holder] -->     rel=\u00a0\u00bbnoopener noreferrer\u00a0\u00bb><!-- [et_pb_line_break_holder] -->    Bilan de l&rsquo;\u00e9dition 2020<!-- [et_pb_line_break_holder] -->  <\/a><!-- [et_pb_line_break_holder] --><\/h3>\n<p><!-- [et_pb_line_break_holder] --><!-- [et_pb_line_break_holder] --><\/p>\n<h3>\u2799 <!-- [et_pb_line_break_holder] -->  <a href=\"\/bilans\/bilan-coree-d-ici-2019.pdf\" <!-- [et_pb_line_break_holder] -->     class=\u00a0\u00bbplusgrosenhover\u00a0\u00bb <!-- [et_pb_line_break_holder] -->     title=\u00a0\u00bbT\u00e9l\u00e9charger le bilan de l&rsquo;\u00e9dition 2019 au format PDF\u00a0\u00bb <!-- [et_pb_line_break_holder] -->     target=\u00a0\u00bb_blank\u00a0\u00bb <!-- [et_pb_line_break_holder] -->     rel=\u00a0\u00bbnoopener noreferrer\u00a0\u00bb><!-- [et_pb_line_break_holder] -->    Bilan de l&rsquo;\u00e9dition 2019<!-- [et_pb_line_break_holder] -->  <\/a><!-- [et_pb_line_break_holder] --><\/h3>\n<p><!-- [et_pb_line_break_holder] --><!-- [et_pb_line_break_holder] --><\/p>\n<h3>\u2799 <!-- [et_pb_line_break_holder] -->  <a href=\"\/bilans\/bilan-coree-d-ici-2018.pdf\" <!-- [et_pb_line_break_holder] -->     class=\u00a0\u00bbplusgrosenhover\u00a0\u00bb <!-- [et_pb_line_break_holder] -->     title=\u00a0\u00bbT\u00e9l\u00e9charger le bilan de l&rsquo;\u00e9dition 2018 au format PDF\u00a0\u00bb <!-- [et_pb_line_break_holder] -->     target=\u00a0\u00bb_blank\u00a0\u00bb <!-- [et_pb_line_break_holder] -->     rel=\u00a0\u00bbnoopener noreferrer\u00a0\u00bb><!-- [et_pb_line_break_holder] -->    Bilan de l&rsquo;\u00e9dition 2018<!-- [et_pb_line_break_holder] -->  <\/a><!-- [et_pb_line_break_holder] --><\/h3>\n<p><!-- [et_pb_line_break_holder] --><!-- [et_pb_line_break_holder] --><\/p>\n<h3>\u2799 <!-- [et_pb_line_break_holder] -->  <a href=\"\/bilans\/bilan-coree-d-ici-2017.pdf\" <!-- [et_pb_line_break_holder] -->     class=\u00a0\u00bbplusgrosenhover\u00a0\u00bb <!-- [et_pb_line_break_holder] -->     title=\u00a0\u00bbT\u00e9l\u00e9charger le bilan de l&rsquo;\u00e9dition 2017 au format PDF\u00a0\u00bb <!-- [et_pb_line_break_holder] -->     target=\u00a0\u00bb_blank\u00a0\u00bb <!-- [et_pb_line_break_holder] -->     rel=\u00a0\u00bbnoopener noreferrer\u00a0\u00bb><!-- [et_pb_line_break_holder] -->    Bilan de l&rsquo;\u00e9dition 2017<!-- [et_pb_line_break_holder] -->  <\/a><!-- [et_pb_line_break_holder] --><\/h3>\n<p><!-- [et_pb_line_break_holder] --><!-- [et_pb_line_break_holder] --><\/p>\n<h3>\u2799 <!-- [et_pb_line_break_holder] -->  <a href=\"\/bilans\/bilan-coree-d-ici-2016.pdf\" <!-- [et_pb_line_break_holder] -->     class=\u00a0\u00bbplusgrosenhover\u00a0\u00bb <!-- [et_pb_line_break_holder] -->     title=\u00a0\u00bbT\u00e9l\u00e9charger le bilan de l&rsquo;\u00e9dition 2016 au format PDF\u00a0\u00bb <!-- [et_pb_line_break_holder] -->     target=\u00a0\u00bb_blank\u00a0\u00bb <!-- [et_pb_line_break_holder] -->     rel=\u00a0\u00bbnoopener noreferrer\u00a0\u00bb><!-- [et_pb_line_break_holder] -->    Bilan de l&rsquo;\u00e9dition 2016<!-- [et_pb_line_break_holder] -->  <\/a><!-- [et_pb_line_break_holder] --><\/h3>\n<p><!-- [et_pb_line_break_holder] --><!-- [et_pb_line_break_holder] --><\/p>\n<h3>\u2799 <!-- [et_pb_line_break_holder] -->  <a href=\"\/bilans\/bilan-coree-d-ici-2015.pdf\" <!-- [et_pb_line_break_holder] -->     class=\u00a0\u00bbplusgrosenhover\u00a0\u00bb <!-- [et_pb_line_break_holder] -->     title=\u00a0\u00bbT\u00e9l\u00e9charger le bilan de l&rsquo;\u00e9dition 2015 au format PDF\u00a0\u00bb <!-- [et_pb_line_break_holder] -->     target=\u00a0\u00bb_blank\u00a0\u00bb <!-- [et_pb_line_break_holder] -->     rel=\u00a0\u00bbnoopener noreferrer\u00a0\u00bb><!-- [et_pb_line_break_holder] -->    Bilan de l&rsquo;\u00e9dition 2015<!-- [et_pb_line_break_holder] -->  <\/a><!-- [et_pb_line_break_holder] --><\/h3>\n<p><!-- [et_pb_line_break_holder] --><!-- [et_pb_line_break_holder] --><!-- [et_pb_line_break_holder] -->[\/et_pb_code][\/et_pb_column][\/et_pb_row][\/et_pb_section][et_pb_section fb_built=\u00a0\u00bb1&Prime; admin_label=\u00a0\u00bbFooter\u00a0\u00bb _builder_version=\u00a0\u00bb4.27.4&Prime; _module_preset=\u00a0\u00bbdefault\u00a0\u00bb background_color=\u00a0\u00bb#000000&Prime; custom_padding=\u00a0\u00bb0px||0px||false|false\u00a0\u00bb saved_tabs=\u00a0\u00bball\u00a0\u00bb locked=\u00a0\u00bboff\u00a0\u00bb collapsed=\u00a0\u00bbon\u00a0\u00bb global_colors_info=\u00a0\u00bb{}\u00a0\u00bb][et_pb_row column_structure=\u00a0\u00bb1_3,1_3,1_3&Prime; _builder_version=\u00a0\u00bb4.24.2&Prime; _module_preset=\u00a0\u00bbdefault\u00a0\u00bb width=\u00a0\u00bb90%\u00a0\u00bb max_width=\u00a0\u00bbnone\u00a0\u00bb global_colors_info=\u00a0\u00bb{}\u00a0\u00bb][et_pb_column type=\u00a0\u00bb1_3&Prime; _builder_version=\u00a0\u00bb4.24.1&Prime; _module_preset=\u00a0\u00bbdefault\u00a0\u00bb global_colors_info=\u00a0\u00bb{}\u00a0\u00bb][\/et_pb_column][et_pb_column type=\u00a0\u00bb1_3&Prime; _builder_version=\u00a0\u00bb4.24.1&Prime; _module_preset=\u00a0\u00bbdefault\u00a0\u00bb global_colors_info=\u00a0\u00bb{}\u00a0\u00bb][et_pb_image src=\u00a0\u00bbhttp:\/\/kfac.fr\/wp-content\/uploads\/2025\/05\/logo-kfac-h70-white.png\u00a0\u00bb alt=\u00a0\u00bbKorean French Art Connexion\u00a0\u00bb title_text=\u00a0\u00bblogo-kfac-h70-white\u00a0\u00bb url=\u00a0\u00bb@ET-DC@eyJkeW5hbWljIjp0cnVlLCJjb250ZW50IjoiaG9tZV91cmwiLCJzZXR0aW5ncyI6e319@\u00a0\u00bb align=\u00a0\u00bbcenter\u00a0\u00bb _builder_version=\u00a0\u00bb4.27.4&Prime; _dynamic_attributes=\u00a0\u00bburl\u00a0\u00bb _module_preset=\u00a0\u00bbdefault\u00a0\u00bb global_colors_info=\u00a0\u00bb{}\u00a0\u00bb][\/et_pb_image][\/et_pb_column][et_pb_column type=\u00a0\u00bb1_3&Prime; _builder_version=\u00a0\u00bb4.24.1&Prime; _module_preset=\u00a0\u00bbdefault\u00a0\u00bb global_colors_info=\u00a0\u00bb{}\u00a0\u00bb][et_pb_social_media_follow _builder_version=\u00a0\u00bb4.27.4&Prime; _module_preset=\u00a0\u00bbdefault\u00a0\u00bb text_orientation=\u00a0\u00bbright\u00a0\u00bb text_orientation_tablet=\u00a0\u00bbcenter\u00a0\u00bb text_orientation_phone=\u00a0\u00bbcenter\u00a0\u00bb text_orientation_last_edited=\u00a0\u00bbon|tablet\u00a0\u00bb global_colors_info=\u00a0\u00bb{}\u00a0\u00bb][et_pb_social_media_follow_network social_network=\u00a0\u00bbfacebook\u00a0\u00bb url=\u00a0\u00bbhttps:\/\/www.facebook.com\/festivalcoreedici\u00a0\u00bb _builder_version=\u00a0\u00bb4.27.4&Prime; _module_preset=\u00a0\u00bbdefault\u00a0\u00bb global_colors_info=\u00a0\u00bb{}\u00a0\u00bb follow_button=\u00a0\u00bboff\u00a0\u00bb url_new_window=\u00a0\u00bbon\u00a0\u00bb]facebook[\/et_pb_social_media_follow_network][et_pb_social_media_follow_network social_network=\u00a0\u00bbinstagram\u00a0\u00bb url=\u00a0\u00bbhttps:\/\/www.instagram.com\/association_coreegraphie\/\u00a0\u00bb _builder_version=\u00a0\u00bb4.27.4&Prime; _module_preset=\u00a0\u00bbdefault\u00a0\u00bb global_colors_info=\u00a0\u00bb{}\u00a0\u00bb follow_button=\u00a0\u00bboff\u00a0\u00bb url_new_window=\u00a0\u00bbon\u00a0\u00bb]instagram[\/et_pb_social_media_follow_network][et_pb_social_media_follow_network social_network=\u00a0\u00bbtiktok\u00a0\u00bb url=\u00a0\u00bbhttps:\/\/www.tiktok.com\/@coreegraphie\u00a0\u00bb _builder_version=\u00a0\u00bb4.27.4&Prime; _module_preset=\u00a0\u00bbdefault\u00a0\u00bb background_color=\u00a0\u00bbRGBA(255,255,255,0)\u00a0\u00bb background_enable_color=\u00a0\u00bbon\u00a0\u00bb global_colors_info=\u00a0\u00bb{}\u00a0\u00bb follow_button=\u00a0\u00bboff\u00a0\u00bb url_new_window=\u00a0\u00bbon\u00a0\u00bb]tiktok[\/et_pb_social_media_follow_network][et_pb_social_media_follow_network social_network=\u00a0\u00bbyoutube\u00a0\u00bb url=\u00a0\u00bbhttps:\/\/www.youtube.com\/channel\/UCqpPGDrDt0USoG3pQdcu7PQ\/videos\u00a0\u00bb _builder_version=\u00a0\u00bb4.27.4&Prime; _module_preset=\u00a0\u00bbdefault\u00a0\u00bb background_color=\u00a0\u00bbRGBA(255,255,255,0)\u00a0\u00bb background_enable_color=\u00a0\u00bbon\u00a0\u00bb global_colors_info=\u00a0\u00bb{}\u00a0\u00bb follow_button=\u00a0\u00bboff\u00a0\u00bb url_new_window=\u00a0\u00bbon\u00a0\u00bb]youtube[\/et_pb_social_media_follow_network][\/et_pb_social_media_follow][\/et_pb_column][\/et_pb_row][\/et_pb_section]<\/p>\n","protected":false},"excerpt":{"rendered":"<p>Festival Cor\u00e9e d&rsquo;iciFestival Cor\u00e9e d\u2019IciCor\u00e9e d\u2019Ici est un festival artistique et culturel pluridisciplinaire d\u00e9di\u00e9 \u00e0 la valorisation de la culture cor\u00e9enne et aux \u00e9changes franco-cor\u00e9ens.N\u00e9 en 2015 lors de l&rsquo;ann\u00e9e de l&rsquo;amiti\u00e9 France-Cor\u00e9e et il est devenu en une dizaine d&rsquo;ann\u00e9e un \u00e9v\u00e9nement de premier ordre dans le sud de la France. La 10e et [&hellip;]<\/p>\n","protected":false},"author":1,"featured_media":0,"parent":870,"menu_order":0,"comment_status":"closed","ping_status":"closed","template":"","meta":{"_et_pb_use_builder":"on","_et_pb_old_content":"","_et_gb_content_width":"","footnotes":""},"class_list":["post-375","page","type-page","status-publish","hentry"],"_links":{"self":[{"href":"https:\/\/kfac.fr\/ko\/wp-json\/wp\/v2\/pages\/375","targetHints":{"allow":["GET"]}}],"collection":[{"href":"https:\/\/kfac.fr\/ko\/wp-json\/wp\/v2\/pages"}],"about":[{"href":"https:\/\/kfac.fr\/ko\/wp-json\/wp\/v2\/types\/page"}],"author":[{"embeddable":true,"href":"https:\/\/kfac.fr\/ko\/wp-json\/wp\/v2\/users\/1"}],"replies":[{"embeddable":true,"href":"https:\/\/kfac.fr\/ko\/wp-json\/wp\/v2\/comments?post=375"}],"version-history":[{"count":22,"href":"https:\/\/kfac.fr\/ko\/wp-json\/wp\/v2\/pages\/375\/revisions"}],"predecessor-version":[{"id":1073,"href":"https:\/\/kfac.fr\/ko\/wp-json\/wp\/v2\/pages\/375\/revisions\/1073"}],"up":[{"embeddable":true,"href":"https:\/\/kfac.fr\/ko\/wp-json\/wp\/v2\/pages\/870"}],"wp:attachment":[{"href":"https:\/\/kfac.fr\/ko\/wp-json\/wp\/v2\/media?parent=375"}],"curies":[{"name":"wp","href":"https:\/\/api.w.org\/{rel}","templated":true}]}}