{"id":143,"date":"2025-05-23T02:52:19","date_gmt":"2025-05-23T02:52:19","guid":{"rendered":"http:\/\/kfac.fr\/?page_id=143"},"modified":"2026-03-16T10:12:12","modified_gmt":"2026-03-16T10:12:12","slug":"suyeong-yaryu","status":"publish","type":"page","link":"https:\/\/kfac.fr\/ko\/archives\/programmation2025\/suyeong-yaryu\/","title":{"rendered":"\uc218\uc601\uc57c\ub958"},"content":{"rendered":"<p>[et_pb_section fb_built=\u00a0\u00bb1&Prime; admin_label=\u00a0\u00bbHeader\u00a0\u00bb _builder_version=\u00a0\u00bb4.27.4&Prime; _module_preset=\u00a0\u00bbdefault\u00a0\u00bb background_color=\u00a0\u00bb#0033a0&Prime; use_background_color_gradient=\u00a0\u00bbon\u00a0\u00bb background_color_gradient_stops=\u00a0\u00bbrgba(0,0,0,0.5) 0%|rgba(0,0,0,0.5) 100%\u00a0\u00bb background_color_gradient_overlays_image=\u00a0\u00bbon\u00a0\u00bb background_image=\u00a0\u00bbhttps:\/\/kfac.fr\/wp-content\/uploads\/2025\/09\/Suyeong-Yaryu-background2.jpg\u00a0\u00bb parallax=\u00a0\u00bbon\u00a0\u00bb background_blend=\u00a0\u00bbluminosity\u00a0\u00bb width=\u00a0\u00bb100%\u00a0\u00bb custom_padding=\u00a0\u00bb6vw||||false|false\u00a0\u00bb collapsed=\u00a0\u00bbon\u00a0\u00bb global_colors_info=\u00a0\u00bb{}\u00a0\u00bb][et_pb_row _builder_version=\u00a0\u00bb4.24.2&Prime; _module_preset=\u00a0\u00bbdefault\u00a0\u00bb width=\u00a0\u00bb90%\u00a0\u00bb max_width=\u00a0\u00bbnone\u00a0\u00bb global_colors_info=\u00a0\u00bb{}\u00a0\u00bb][et_pb_column type=\u00a0\u00bb4_4&Prime; _builder_version=\u00a0\u00bb4.24.1&Prime; _module_preset=\u00a0\u00bbdefault\u00a0\u00bb global_colors_info=\u00a0\u00bb{}\u00a0\u00bb][et_pb_image src=\u00a0\u00bbhttp:\/\/kfac.fr\/wp-content\/uploads\/2025\/05\/logo-kfac-h70-white.png\u00a0\u00bb alt=\u00a0\u00bbKorean French Art Connexion\u00a0\u00bb title_text=\u00a0\u00bblogo-kfac-h70-white\u00a0\u00bb align=\u00a0\u00bbcenter\u00a0\u00bb _builder_version=\u00a0\u00bb4.27.4&Prime; _module_preset=\u00a0\u00bbdefault\u00a0\u00bb max_width=\u00a0\u00bb30%\u00a0\u00bb module_alignment=\u00a0\u00bbcenter\u00a0\u00bb max_height=\u00a0\u00bb34vw\u00a0\u00bb custom_margin=\u00a0\u00bb||10px||false|false\u00a0\u00bb global_colors_info=\u00a0\u00bb{}\u00a0\u00bb][\/et_pb_image][et_pb_text _builder_version=\u00a0\u00bb4.24.2&Prime; _module_preset=\u00a0\u00bb570b9dd5-f93c-4c6f-b25e-8e2ce2bd2046&Prime; header_text_color=\u00a0\u00bb#FFFFFF\u00a0\u00bb header_font_size=\u00a0\u00bb4vw\u00a0\u00bb text_orientation=\u00a0\u00bbcenter\u00a0\u00bb custom_margin=\u00a0\u00bb||10px||false|false\u00a0\u00bb global_colors_info=\u00a0\u00bb{}\u00a0\u00bb]<\/p>\n<h1>Suyeong Yaryu<\/h1>\n<p>[\/et_pb_text][et_pb_text _builder_version=\u00a0\u00bb4.27.4&Prime; _module_preset=\u00a0\u00bbdefault\u00a0\u00bb text_text_color=\u00a0\u00bb#FFFFFF\u00a0\u00bb header_2_text_color=\u00a0\u00bb#FFFFFF\u00a0\u00bb header_3_text_color=\u00a0\u00bb#FFFFFF\u00a0\u00bb global_colors_info=\u00a0\u00bb{}\u00a0\u00bb]<\/p>\n<h2 style=\"text-align: center;\">National Intangible Cultural Heritage<\/h2>\n<h3 style=\"text-align: center;\">&#8211; Le 11 Octobre 2025 \u00e0 l&rsquo;op\u00e9ra Com\u00e9die \/ Salle Moli\u00e8re &#8211;<\/h3>\n<p>[\/et_pb_text][\/et_pb_column][\/et_pb_row][\/et_pb_section][et_pb_section fb_built=\u00a0\u00bb1&Prime; _builder_version=\u00a0\u00bb4.27.4&Prime; _module_preset=\u00a0\u00bbdefault\u00a0\u00bb global_colors_info=\u00a0\u00bb{}\u00a0\u00bb][et_pb_row column_structure=\u00a0\u00bb1_2,1_2&Prime; _builder_version=\u00a0\u00bb4.27.4&Prime; _module_preset=\u00a0\u00bbdefault\u00a0\u00bb max_width=\u00a0\u00bb80%\u00a0\u00bb global_colors_info=\u00a0\u00bb{}\u00a0\u00bb][et_pb_column type=\u00a0\u00bb1_2&Prime; _builder_version=\u00a0\u00bb4.27.4&Prime; _module_preset=\u00a0\u00bbdefault\u00a0\u00bb global_colors_info=\u00a0\u00bb{}\u00a0\u00bb][et_pb_text _builder_version=\u00a0\u00bb4.27.4&Prime; _module_preset=\u00a0\u00bbdefault\u00a0\u00bb text_text_color=\u00a0\u00bb#003478&Prime; header_text_color=\u00a0\u00bb#000000&Prime; header_2_text_color=\u00a0\u00bb#0C71C3&Prime; custom_margin=\u00a0\u00bb||0px|||\u00a0\u00bb hover_enabled=\u00a0\u00bb0&Prime; global_colors_info=\u00a0\u00bb{}\u00a0\u00bb sticky_enabled=\u00a0\u00bb0&Prime;]<\/p>\n<p><strong><em>LE SAMEDI 11 OCTOBRE 2025 \/ 19h \/ Op\u00e9ra Com\u00e9die \/ Salle Moli\u00e8re \/ Montpellier<\/em><\/strong><\/p>\n<p>[\/et_pb_text][et_pb_text _builder_version=\u00a0\u00bb4.27.4&Prime; _module_preset=\u00a0\u00bb94348bfe-9160-40f2-a5f0-d862bcd89ff1&Prime; header_2_font_size=\u00a0\u00bb55px\u00a0\u00bb max_width=\u00a0\u00bb100%\u00a0\u00bb custom_margin=\u00a0\u00bb0px||0px||false|false\u00a0\u00bb custom_padding=\u00a0\u00bb0px||0px||false|false\u00a0\u00bb global_colors_info=\u00a0\u00bb{}\u00a0\u00bb]<\/p>\n<h2>Suyeong Yaryu<\/h2>\n<p>[\/et_pb_text][et_pb_text _builder_version=\u00a0\u00bb4.27.4&Prime; _module_preset=\u00a0\u00bbfb1c5645-9bde-45e1-8467-0687ce78b789&Prime; max_width=\u00a0\u00bb100%\u00a0\u00bb global_colors_info=\u00a0\u00bb{}\u00a0\u00bb]<\/p>\n<p data-start=\"197\" data-end=\"943\">Le <strong data-start=\"200\" data-end=\"217\">Suyeong Yaryu<\/strong> est une pi\u00e8ce de th\u00e9\u00e2tre traditionnel masqu\u00e9 originaire de Suyeong-dong, Nam-du et Busan.<\/p>\n<p data-start=\"197\" data-end=\"943\">Remontant \u00e0 pr\u00e8s de deux si\u00e8cles, il appartient \u00e0 la tradition des th\u00e9\u00e2tres populaires cor\u00e9ens, o\u00f9 se conjuguent rite, satire sociale et expression esth\u00e9tique.<\/p>\n<p data-start=\"197\" data-end=\"943\">Reconnu comme bien culturel immat\u00e9riel depuis 1971, il s\u2019agit d\u2019un v\u00e9ritable rite collectif, qui associe le jeu des acteurs, la danse et la musique.<\/p>\n<p data-start=\"197\" data-end=\"943\">Le terme <strong data-start=\"626\" data-end=\"635\">Yaryu<\/strong>, ou <em data-start=\"654\" data-end=\"664\">Deulnori<\/em> (\u00ab pi\u00e8ce champ\u00eatre \u00bb), provient du fait que cette repr\u00e9sentation se d\u00e9roule en ext\u00e9rieur, dans un grand champ, et qu\u2019elle se destine \u00e0 une large audience publique.<\/p>\n<p data-start=\"197\" data-end=\"943\">Elle a lieu lors de la pleine lune du Nouvel An lunaire cor\u00e9en, moment de rassemblement festif et communautaire.<\/p>\n<p data-start=\"945\" data-end=\"1322\">Pour assurer sa transmission et sa vitalit\u00e9 au XXI\u1d49 si\u00e8cle, l\u2019<strong data-start=\"1047\" data-end=\"1100\">Association pour la Pr\u00e9servation du Suyeong Yaryu<\/strong> \u0153uvre \u00e0 la diffusion et \u00e0 l\u2019apprentissage de cet art profond\u00e9ment enracin\u00e9 dans l\u2019histoire et l\u2019identit\u00e9 de Busan.<\/p>\n<p data-start=\"945\" data-end=\"1322\">\u00c0 Suyeong-dong, au sein du parc Suyeong, un centre de formation permet aux nouvelles g\u00e9n\u00e9rations de se former \u00e0 cette pratique, garantissant ainsi que le Suyeong Yaryu ne reste pas une simple relique du pass\u00e9, mais demeure un h\u00e9ritage vivant, vibrant et porteur de sens.<\/p>\n<p><!--<\/p>\n\n\n\n\n<p>Le Suyeong Yaryu a lieu lors de la pleine lune du Nouvel An lunaire cor\u00e9en.\n\n\nIl se compose de 4 sections repr\u00e9sentant chacune une \u00e9motion propre \u00e0 la perception cor\u00e9enne de la vie et mettant en lumi\u00e8re diff\u00e9rentes th\u00e9matiques :\n\n\n\u2022 <strong>Yangban<\/strong> (classe aristocratique traditionnelle cor\u00e9enne) : cette mise en sc\u00e8ne repr\u00e9sente 5 aristocrates incomp\u00e9tents et pr\u00e9tentieux sujet \u00e0 des moqueries et des insultes de la part d'un fermier de la classe inf\u00e9rieure. Elle illustre les probl\u00e8mes de la soci\u00e9t\u00e9 de classes cor\u00e9enne.\n\n\n\u2022 <strong>Yeongno<\/strong> (b\u00eate fantastique associ\u00e9e \u00e0 l'au-del\u00e0 ): cette partie r\u00e9v\u00e8le le fort sentiment de r\u00e9sistance du peuple face \u00e0 la classe sup\u00e9rieure \u00e0 travers la punition exerc\u00e9e par Yeongno. Elle illustre la contradiction entre la vie et la mort\n\n\n\u2022 <strong>La grand-m\u00e8re et le grand-p\u00e8re<\/strong> : cette partie illustre un couple o\u00f9 le grand-p\u00e8re tombe sous le charme d'une jeune concubine lors\n\n\nde son \u00e9veil, causant la mort de sa partenaire. Il finit par perdre la raison en raison de sa culpabilit\u00e9. Le comportement de la grand-m\u00e8re cherche \u00e0 amener la r\u00e9flexion sur la mani\u00e8re dont la vie des gens ordinaires est per\u00e7ue face \u00e0 la r\u00e9alit\u00e9. Elle illustre la relation femme\/homme.\n\n\n\u2022 <strong>Le lion<\/strong> : cette derni\u00e8re partie met en sc\u00e8ne un pantomime o\u00f9 un lion et un tigre dansent et se battent. Elle se termine par la victoire du lion sur le tigre. Elle met en avant l'id\u00e9ologie cor\u00e9enne de surmonter la peur.--><\/p>\n<p>[\/et_pb_text][et_pb_text disabled_on=\u00a0\u00bboff|off|off\u00a0\u00bb _builder_version=\u00a0\u00bb4.27.4&Prime; _dynamic_attributes=\u00a0\u00bblink_option_url\u00a0\u00bb _module_preset=\u00a0\u00bbdefault\u00a0\u00bb custom_margin=\u00a0\u00bb||7px||false|false\u00a0\u00bb animation_style=\u00a0\u00bbslide\u00a0\u00bb animation_direction=\u00a0\u00bbleft\u00a0\u00bb animation_duration=\u00a0\u00bb650ms\u00a0\u00bb animation_starting_opacity=\u00a0\u00bb44%\u00a0\u00bb link_option_url=\u00a0\u00bb@ET-DC@eyJkeW5hbWljIjp0cnVlLCJjb250ZW50IjoicG9zdF9tZXRhX2tleSIsInNldHRpbmdzIjp7ImJlZm9yZSI6IiIsImFmdGVyIjoiIiwibWV0YV9rZXkiOiIifX0=@\u00a0\u00bb hover_enabled=\u00a0\u00bb0&Prime; custom_css_free_form=\u00a0\u00bb.btn-read-more {||  display: inline-flex;||  align-items: center;||  padding: 0.6em 1.2em;||  background: #000000;       \/* fond noir *\/||  color: white;||  font-weight: 600;||  border-radius: 4px;        \/* bordure tr\u00e8s peu arrondie *\/||  border: 2px solid white;   \/* bordure blanche *\/||  text-decoration: none;||  font-family: &lsquo;Segoe UI&rsquo;, Tahoma, Geneva, Verdana, sans-serif;||  transition: background-color 0.3s ease, color 0.3s ease;||  cursor: pointer;||  user-select: none;||  box-shadow: none;||}||||.btn-read-more .arrow {||  display: inline-block;||  margin-left: 0.5em;||  font-weight: 700;||  transition: transform 0.3s ease;||  font-size:1.3em;||}||||.btn-read-more:hover {||  background: white;        \/* fond blanc au hover *\/||  color: black;             \/* texte noir au hover *\/||  border-color: black;      \/* bordure noire au hover *\/||}||||.btn-read-more:hover .arrow {||  transform: translateX(6px);||  color: black;||}||\u00a0\u00bb global_colors_info=\u00a0\u00bb{}\u00a0\u00bb sticky_enabled=\u00a0\u00bb0&Prime;]<\/p>\n<p><strong><em>Le samedi 11 octobre \u00e0 19h \u00e0 Op\u00e9ra Com\u00e9die de Montpellier (salle Moli\u00e8re)<\/em><\/strong><br \/>Tarif : 10\u20ac + 1 place offerte.<\/p>\n<p>Dur\u00e9e du spectacle : 1 heure<\/p>\n<p style=\"text-align: left;\"><a href=\"https:\/\/www.helloasso.com\/associations\/coree-graphie\/evenements\/suyeong-yaryu\" class=\"btn-read-more\" target=\"_blank\" rel=\"noopener\" title=\"R\u00e9servation\">R\u00e9servation \u2794<\/a><\/p>\n<p>[\/et_pb_text][\/et_pb_column][et_pb_column type=\u00a0\u00bb1_2&Prime; _builder_version=\u00a0\u00bb4.27.4&Prime; _module_preset=\u00a0\u00bbdefault\u00a0\u00bb custom_padding=\u00a0\u00bb0px|0px|0px|0px|false|false\u00a0\u00bb global_colors_info=\u00a0\u00bb{}\u00a0\u00bb][et_pb_slider use_bg_overlay=\u00a0\u00bboff\u00a0\u00bb use_text_overlay=\u00a0\u00bboff\u00a0\u00bb arrows_custom_color=\u00a0\u00bb#000000&Prime; dot_nav_custom_color=\u00a0\u00bb#000000&Prime; _builder_version=\u00a0\u00bb4.27.4&Prime; _module_preset=\u00a0\u00bbdefault\u00a0\u00bb header_text_color=\u00a0\u00bb#000000&Prime; background_color=\u00a0\u00bbRGBA(255,255,255,0)\u00a0\u00bb custom_margin=\u00a0\u00bb0px|0px|0px|0px|false|false\u00a0\u00bb custom_padding=\u00a0\u00bb0px|0px|0px|0px|false|false\u00a0\u00bb animation_style=\u00a0\u00bbfade\u00a0\u00bb global_colors_info=\u00a0\u00bb{}\u00a0\u00bb][et_pb_slide button_text=\u00a0\u00bbClics\u00a0\u00bb image=\u00a0\u00bbhttps:\/\/kfac.fr\/wp-content\/uploads\/2025\/09\/Suyeong-Yaryu-4.jpg\u00a0\u00bb arrows_custom_color=\u00a0\u00bb#000000&Prime; dot_nav_custom_color=\u00a0\u00bb#000000&Prime; _builder_version=\u00a0\u00bb4.27.4&Prime; _module_preset=\u00a0\u00bbdefault\u00a0\u00bb header_text_color=\u00a0\u00bb#000000&Prime; global_colors_info=\u00a0\u00bb{}\u00a0\u00bb sticky_transition=\u00a0\u00bbon\u00a0\u00bb][\/et_pb_slide][et_pb_slide button_text=\u00a0\u00bbClics\u00a0\u00bb image=\u00a0\u00bbhttps:\/\/kfac.fr\/wp-content\/uploads\/2025\/09\/Suyeong-Yaryu-3.jpg\u00a0\u00bb _builder_version=\u00a0\u00bb4.27.4&Prime; _module_preset=\u00a0\u00bbdefault\u00a0\u00bb background_color=\u00a0\u00bbRGBA(255,255,255,0)\u00a0\u00bb background_enable_color=\u00a0\u00bbon\u00a0\u00bb global_colors_info=\u00a0\u00bb{}\u00a0\u00bb sticky_transition=\u00a0\u00bbon\u00a0\u00bb][\/et_pb_slide][et_pb_slide button_text=\u00a0\u00bbClics\u00a0\u00bb image=\u00a0\u00bbhttps:\/\/kfac.fr\/wp-content\/uploads\/2025\/09\/Suyeong-Yaryu-2.jpg\u00a0\u00bb _builder_version=\u00a0\u00bb4.27.4&Prime; _module_preset=\u00a0\u00bbdefault\u00a0\u00bb global_colors_info=\u00a0\u00bb{}\u00a0\u00bb sticky_transition=\u00a0\u00bbon\u00a0\u00bb][\/et_pb_slide][et_pb_slide button_text=\u00a0\u00bbClics\u00a0\u00bb image=\u00a0\u00bbhttps:\/\/kfac.fr\/wp-content\/uploads\/2025\/09\/Suyeong-Yaryu-1.jpg\u00a0\u00bb _builder_version=\u00a0\u00bb4.27.4&Prime; _module_preset=\u00a0\u00bbdefault\u00a0\u00bb global_colors_info=\u00a0\u00bb{}\u00a0\u00bb sticky_transition=\u00a0\u00bbon\u00a0\u00bb][\/et_pb_slide][et_pb_slide button_text=\u00a0\u00bbClics\u00a0\u00bb image=\u00a0\u00bbhttps:\/\/kfac.fr\/wp-content\/uploads\/2025\/09\/Suyeong-Yaryu-5.jpg\u00a0\u00bb _builder_version=\u00a0\u00bb4.27.4&Prime; _module_preset=\u00a0\u00bbdefault\u00a0\u00bb global_colors_info=\u00a0\u00bb{}\u00a0\u00bb sticky_transition=\u00a0\u00bbon\u00a0\u00bb][\/et_pb_slide][\/et_pb_slider][\/et_pb_column][\/et_pb_row][\/et_pb_section][et_pb_section fb_built=\u00a0\u00bb1&Prime; disabled_on=\u00a0\u00bbon|on|on\u00a0\u00bb _builder_version=\u00a0\u00bb4.27.4&Prime; _module_preset=\u00a0\u00bbdefault\u00a0\u00bb background_color=\u00a0\u00bb#003478&Prime; background_image=\u00a0\u00bbhttp:\/\/kfac.fr\/wp-content\/uploads\/2025\/05\/Suyeong-Yaryu-1.png\u00a0\u00bb background_blend=\u00a0\u00bbsaturation\u00a0\u00bb disabled=\u00a0\u00bbon\u00a0\u00bb global_colors_info=\u00a0\u00bb{}\u00a0\u00bb][et_pb_row column_structure=\u00a0\u00bb1_2,1_2&Prime; _builder_version=\u00a0\u00bb4.27.4&Prime; _module_preset=\u00a0\u00bbdefault\u00a0\u00bb max_width=\u00a0\u00bb2500px\u00a0\u00bb global_colors_info=\u00a0\u00bb{}\u00a0\u00bb][et_pb_column type=\u00a0\u00bb1_2&Prime; _builder_version=\u00a0\u00bb4.27.4&Prime; _module_preset=\u00a0\u00bbdefault\u00a0\u00bb global_colors_info=\u00a0\u00bb{}\u00a0\u00bb][et_pb_text _builder_version=\u00a0\u00bb4.27.4&Prime; _module_preset=\u00a0\u00bb94348bfe-9160-40f2-a5f0-d862bcd89ff1&Prime; header_2_text_color=\u00a0\u00bb#FFFFFF\u00a0\u00bb header_2_font_size=\u00a0\u00bb55px\u00a0\u00bb max_width=\u00a0\u00bb100%\u00a0\u00bb custom_margin=\u00a0\u00bb0px||0px||false|false\u00a0\u00bb custom_padding=\u00a0\u00bb0px||0px||false|false\u00a0\u00bb global_colors_info=\u00a0\u00bb{}\u00a0\u00bb]<\/p>\n<h2>Gilnori &#8211; \uae38\ub180\uc774<\/h2>\n<p>[\/et_pb_text][et_pb_text _builder_version=\u00a0\u00bb4.27.4&Prime; _module_preset=\u00a0\u00bbfb1c5645-9bde-45e1-8467-0687ce78b789&Prime; text_text_color=\u00a0\u00bb#FFFFFF\u00a0\u00bb max_width=\u00a0\u00bb100%\u00a0\u00bb global_colors_info=\u00a0\u00bb{}\u00a0\u00bb]<\/p>\n<p>Avant le d\u00e9but du spectacle, les participants mettent des masques et des costumes. Le <strong>Gilnori<\/strong> (pi\u00e8ce urbaine) se met en place.<\/p>\n<p>Au moment du lev\u00e9e de la pleine lune, la musique, la danse et les lanternes forment un long cort\u00e8ge pour se rendre sur le lieu de la repr\u00e9sentation.<\/p>\n<p>Pour cl\u00f4turer cette c\u00e9r\u00e9monie, les masques sont rassembl\u00e9s en un seul point puis br\u00fbl\u00e9s afin d&rsquo;attirer la bonne augure sur les participants.<\/p>\n<p>[\/et_pb_text][\/et_pb_column][et_pb_column type=\u00a0\u00bb1_2&Prime; _builder_version=\u00a0\u00bb4.27.4&Prime; _module_preset=\u00a0\u00bbdefault\u00a0\u00bb global_colors_info=\u00a0\u00bb{}\u00a0\u00bb][et_pb_image src=\u00a0\u00bbhttp:\/\/kfac.fr\/wp-content\/uploads\/2025\/05\/Suyeong-Yaryu-Gilnori.png\u00a0\u00bb alt=\u00a0\u00bbGilnori\u00a0\u00bb title_text=\u00a0\u00bbSuyeong-Yaryu-Gilnori\u00a0\u00bb _builder_version=\u00a0\u00bb4.27.4&Prime; _module_preset=\u00a0\u00bbdefault\u00a0\u00bb global_colors_info=\u00a0\u00bb{}\u00a0\u00bb][\/et_pb_image][\/et_pb_column][\/et_pb_row][\/et_pb_section][et_pb_section fb_built=\u00a0\u00bb1&Prime; _builder_version=\u00a0\u00bb4.27.4&Prime; _module_preset=\u00a0\u00bbdefault\u00a0\u00bb background_color=\u00a0\u00bb#003478&Prime; background_image=\u00a0\u00bbhttp:\/\/kfac.fr\/wp-content\/uploads\/2025\/05\/Suyeong-Yaryu-1.png\u00a0\u00bb background_blend=\u00a0\u00bbsaturation\u00a0\u00bb global_colors_info=\u00a0\u00bb{}\u00a0\u00bb][et_pb_row column_structure=\u00a0\u00bb1_2,1_2&Prime; _builder_version=\u00a0\u00bb4.27.4&Prime; _module_preset=\u00a0\u00bbdefault\u00a0\u00bb max_width=\u00a0\u00bb2500px\u00a0\u00bb global_colors_info=\u00a0\u00bb{}\u00a0\u00bb][et_pb_column type=\u00a0\u00bb1_2&Prime; _builder_version=\u00a0\u00bb4.27.4&Prime; _module_preset=\u00a0\u00bbdefault\u00a0\u00bb global_colors_info=\u00a0\u00bb{}\u00a0\u00bb][et_pb_text _builder_version=\u00a0\u00bb4.27.4&Prime; _module_preset=\u00a0\u00bb94348bfe-9160-40f2-a5f0-d862bcd89ff1&Prime; header_2_text_color=\u00a0\u00bb#FFFFFF\u00a0\u00bb header_2_font_size=\u00a0\u00bb55px\u00a0\u00bb max_width=\u00a0\u00bb100%\u00a0\u00bb custom_margin=\u00a0\u00bb0px||0px||false|false\u00a0\u00bb custom_padding=\u00a0\u00bb0px||0px||false|false\u00a0\u00bb global_colors_info=\u00a0\u00bb{}\u00a0\u00bb]<\/p>\n<h2>Programme du spectacle<\/h2>\n<p>[\/et_pb_text][et_pb_text _builder_version=\u00a0\u00bb4.27.4&Prime; _module_preset=\u00a0\u00bbfb1c5645-9bde-45e1-8467-0687ce78b789&Prime; text_text_color=\u00a0\u00bb#FFFFFF\u00a0\u00bb max_width=\u00a0\u00bb100%\u00a0\u00bb custom_css_free_form=\u00a0\u00bb\/* appliquez la classe .no-counter \u00e0 votre <\/p>\n<ol> *\/||ol.no-counter {||  list-style: none;        \/* supprime le marqueur natif *\/||  margin: 0;||  padding: 0;||}||||\/* pour \u00eatre s\u00fbr sur les navigateurs supportant ::marker *\/||ol.no-counter li::marker {||  content: none;||} ||ol.no-counter p {||  margin: 16px;||}||\u00a0\u00bb global_colors_info=\u00a0\u00bb{}\u00a0\u00bb]<\/p>\n<ol class=\"no-counter\">\n<li>\n<p style=\"margin-bottom: 0cm;\"><b>Gilnori (Jeu de rue)<\/b><br \/>Pr\u00e9ambule rituel et festif, il s\u2019ouvre par un sacrifice aux divinit\u00e9s tut\u00e9laires et aux esprits des montagnes, avant de se d\u00e9ployer en procession rythm\u00e9e de percussions et de chants. Ce cort\u00e8ge musical, destin\u00e9 \u00e0 attirer l\u2019attention et instaurer une atmosph\u00e8re de f\u00eate, constitue l\u2019ouverture traditionnelle du Yaryu.<\/p>\n<\/li>\n<li>\n<p style=\"margin-bottom: 0cm;\"><b>La Danse des Huit Immortelles<\/b><br \/>Huit danseuses, par\u00e9es de costumes somptueux et de couronnes fleuries, dessinent sur sc\u00e8ne diverses figures symbolisant la nature. Cette danse, \u00e9clatante de gr\u00e2ce, aurait autrefois int\u00e9gr\u00e9 des courtisanes pour magnifier la r\u00e9ussite de l\u2019\u00e9v\u00e9nement.<\/p>\n<\/li>\n<li>\n<p style=\"margin-bottom: 0cm;\"><b>Le Lettr\u00e9 et le Valet (Malttugi)<\/b><br \/>Dialogue burlesque et dans\u00e9 o\u00f9 le valet raille avec verve l\u2019incapacit\u00e9 et la vanit\u00e9 des lettr\u00e9s, d\u00e9non\u00e7ant par la satire les travers de l\u2019aristocratie et appelant \u00e0 l\u2019\u00e9galit\u00e9 sociale.<\/p>\n<\/li>\n<li>\n<p style=\"margin-bottom: 0cm;\"><b>Le Lettr\u00e9 et l\u2019Esprit malfaisant (Yeongno)<\/b><br \/>Errant dans ses pens\u00e9es, le lettr\u00e9 est assailli par un esprit venu du ciel, le Yeongno, drap\u00e9 d\u2019un voile noir, qui le harc\u00e8le avant de le d\u00e9vorer.<\/p>\n<\/li>\n<li>\n<p style=\"margin-bottom: 0cm;\"><b>Le Vieillard, la Vieille et la Jeune \u00c9pouse<\/b><br \/>Cette pi\u00e8ce illustre, avec humour et gravit\u00e9, les tensions d\u2019un m\u00e9nage d\u00e9chir\u00e9 entre l\u2019\u00e9pouse l\u00e9gitime, la concubine et une jeune promise, mettant en relief les difficult\u00e9s de la vie conjugale et familiale.<\/p>\n<\/li>\n<li>\n<p style=\"margin-bottom: 0cm;\"><b>Le Jeu du Lion<\/b><br \/>Inspir\u00e9 des croyances locales li\u00e9es au relief de Suy<span style=\"font-family: Calibri, serif;\">\u014f<\/span>ng, il met en sc<span style=\"font-family: Malgun Gothic, serif;\">\u00e8<\/span>ne un lion gigantesque affrontant un tigre, pour finalement le d<span style=\"font-family: Malgun Gothic, serif;\">\u00e9<\/span>vorer. Ce combat symbolise un rituel d<span style=\"font-family: Malgun Gothic, serif;\">\u2019<\/span>exorcisme destin<span style=\"font-family: Malgun Gothic, serif;\">\u00e9<\/span> <span style=\"font-family: Malgun Gothic, serif;\">\u00e0<\/span> chasser les influences n<span style=\"font-family: Malgun Gothic, serif;\">\u00e9<\/span>fastes.<\/p>\n<\/li>\n<li>\n<p style=\"margin-bottom: 0cm;\"><b>La Marche Fun\u00e8bre (Sangyeo)<\/b><br \/>Reconstitution de la procession fun\u00e9raire traditionnelle cor\u00e9enne, elle incarne l\u2019expression communautaire du deuil et de la m\u00e9moire collective, rythm\u00e9e de chants visant \u00e0 accompagner le d\u00e9funt dans son dernier voyage.<\/p>\n<\/li>\n<\/ol>\n<p>[\/et_pb_text][et_pb_text disabled_on=\u00a0\u00bboff|off|off\u00a0\u00bb _builder_version=\u00a0\u00bb4.27.4&Prime; _dynamic_attributes=\u00a0\u00bblink_option_url\u00a0\u00bb _module_preset=\u00a0\u00bbdefault\u00a0\u00bb custom_margin=\u00a0\u00bb||7px||false|false\u00a0\u00bb animation_style=\u00a0\u00bbslide\u00a0\u00bb animation_direction=\u00a0\u00bbleft\u00a0\u00bb animation_starting_opacity=\u00a0\u00bb44%\u00a0\u00bb link_option_url=\u00a0\u00bb@ET-DC@eyJkeW5hbWljIjp0cnVlLCJjb250ZW50IjoicG9zdF9tZXRhX2tleSIsInNldHRpbmdzIjp7ImJlZm9yZSI6IiIsImFmdGVyIjoiIiwibWV0YV9rZXkiOiIifX0=@\u00a0\u00bb custom_css_free_form=\u00a0\u00bb.btn-read-more {||  display: inline-flex;||  align-items: center;||  padding: 0.6em 1.2em;||  background: #000000;       \/* fond noir *\/||  color: white;||  font-weight: 600;||  border-radius: 4px;        \/* bordure tr\u00e8s peu arrondie *\/||  border: 2px solid white;   \/* bordure blanche *\/||  text-decoration: none;||  font-family: &lsquo;Segoe UI&rsquo;, Tahoma, Geneva, Verdana, sans-serif;||  transition: background-color 0.3s ease, color 0.3s ease;||  cursor: pointer;||  user-select: none;||  box-shadow: none;||}||||.btn-read-more .arrow {||  display: inline-block;||  margin-left: 0.5em;||  font-weight: 700;||  transition: transform 0.3s ease;||  font-size:1.3em;||}||||.btn-read-more:hover {||  background: white;        \/* fond blanc au hover *\/||  color: black;             \/* texte noir au hover *\/||  border-color: black;      \/* bordure noire au hover *\/||}||||.btn-read-more:hover .arrow {||  transform: translateX(6px);||  color: black;||}||\u00a0\u00bb global_colors_info=\u00a0\u00bb{}\u00a0\u00bb]<\/p>\n<p><span style=\"color: #ffffff;\"><strong><em>Le 11 octobre \u00e0 19h \u00e0 Op\u00e9ra Com\u00e9die de Montpellier (salle Moli\u00e8re)<\/em><\/strong><\/span><br \/><span style=\"color: #ffffff;\">Dur\u00e9e du spectacle : 1 heure<\/span><\/p>\n<p style=\"text-align: left;\"><a href=\"https:\/\/www.helloasso.com\/associations\/coree-graphie\/evenements\/suyeong-yaryu\" class=\"btn-read-more\" target=\"_blank\" rel=\"noopener\" title=\"R\u00e9servation\">R\u00e9servation \u2794<\/a><\/p>\n<p>[\/et_pb_text][\/et_pb_column][et_pb_column type=\u00a0\u00bb1_2&Prime; _builder_version=\u00a0\u00bb4.27.4&Prime; _module_preset=\u00a0\u00bbdefault\u00a0\u00bb global_colors_info=\u00a0\u00bb{}\u00a0\u00bb][et_pb_image src=\u00a0\u00bbhttp:\/\/kfac.fr\/wp-content\/uploads\/2025\/05\/Suyeong-Yaryu-Gilnori.png\u00a0\u00bb alt=\u00a0\u00bbGilnori\u00a0\u00bb title_text=\u00a0\u00bbSuyeong-Yaryu-Gilnori\u00a0\u00bb _builder_version=\u00a0\u00bb4.27.4&Prime; _module_preset=\u00a0\u00bbdefault\u00a0\u00bb global_colors_info=\u00a0\u00bb{}\u00a0\u00bb][\/et_pb_image][\/et_pb_column][\/et_pb_row][\/et_pb_section][et_pb_section fb_built=\u00a0\u00bb1&Prime; _builder_version=\u00a0\u00bb4.27.4&Prime; _module_preset=\u00a0\u00bbdefault\u00a0\u00bb global_colors_info=\u00a0\u00bb{}\u00a0\u00bb][et_pb_row _builder_version=\u00a0\u00bb4.27.4&Prime; _module_preset=\u00a0\u00bbdefault\u00a0\u00bb global_colors_info=\u00a0\u00bb{}\u00a0\u00bb][et_pb_column type=\u00a0\u00bb4_4&Prime; _builder_version=\u00a0\u00bb4.27.4&Prime; _module_preset=\u00a0\u00bbdefault\u00a0\u00bb global_colors_info=\u00a0\u00bb{}\u00a0\u00bb][et_pb_text _builder_version=\u00a0\u00bb4.27.4&Prime; _module_preset=\u00a0\u00bbdefault\u00a0\u00bb header_3_font_size=\u00a0\u00bb69px\u00a0\u00bb header_3_font_size_tablet=\u00a0\u00bb60px\u00a0\u00bb header_3_font_size_phone=\u00a0\u00bb43px\u00a0\u00bb header_3_font_size_last_edited=\u00a0\u00bbon|phone\u00a0\u00bb global_colors_info=\u00a0\u00bb{}\u00a0\u00bb]<\/p>\n<hr style=\"width: 40%; margin: 10px auto; border: none; border-top: 1px solid #444;\" \/>\n<h3 style=\"margin: 20px 0px; text-align: center;\">La compagnie<\/h3>\n<hr style=\"width: 40%; margin: 10px auto; border: none; border-top: 1px solid #444;\" \/>[\/et_pb_text][\/et_pb_column][\/et_pb_row][\/et_pb_section][et_pb_section fb_built=\u00a0\u00bb1&Prime; _builder_version=\u00a0\u00bb4.27.4&Prime; _module_preset=\u00a0\u00bbdefault\u00a0\u00bb global_colors_info=\u00a0\u00bb{}\u00a0\u00bb][et_pb_row column_structure=\u00a0\u00bb1_6,1_6,1_6,1_6,1_6,1_6&Prime; module_class=\u00a0\u00bbligne-centre\u00a0\u00bb _builder_version=\u00a0\u00bb4.27.4&Prime; _module_preset=\u00a0\u00bbdefault\u00a0\u00bb max_width=\u00a0\u00bb1200px\u00a0\u00bb custom_css_free_form=\u00a0\u00bb.ligne-centre {||  width: 100%;||  max-width: 1100px;||  margin: 0 auto;||  padding: 0 10px;||  display: flex;||  flex-wrap: wrap;||  justify-content: center;||  box-sizing: border-box;||}||||.ligne-centre .col-300 {||  width: 300px;||  max-width: 281px;||  flex: 0 0 281px; \/* fixe totalement la largeur *\/||  margin: 25px;||  box-sizing: border-box;||}||\u00a0\u00bb global_colors_info=\u00a0\u00bb{}\u00a0\u00bb][et_pb_column type=\u00a0\u00bb1_6&Prime; module_class=\u00a0\u00bbcol-300&Prime; _builder_version=\u00a0\u00bb4.27.4&Prime; _module_preset=\u00a0\u00bbdefault\u00a0\u00bb animation_style=\u00a0\u00bbslide\u00a0\u00bb animation_direction=\u00a0\u00bbleft\u00a0\u00bb animation_duration=\u00a0\u00bb500ms\u00a0\u00bb border_radii=\u00a0\u00bbon|7px|7px|7px|7px\u00a0\u00bb border_width_all=\u00a0\u00bb2px\u00a0\u00bb global_colors_info=\u00a0\u00bb{}\u00a0\u00bb][et_pb_text _builder_version=\u00a0\u00bb4.27.4&Prime; _module_preset=\u00a0\u00bbdefault\u00a0\u00bb header_2_font_size=\u00a0\u00bb30px\u00a0\u00bb custom_margin=\u00a0\u00bb13px||||false|false\u00a0\u00bb animation_style=\u00a0\u00bbfade\u00a0\u00bb animation_duration=\u00a0\u00bb500ms\u00a0\u00bb global_colors_info=\u00a0\u00bb{}\u00a0\u00bb]<\/p>\n<h2 style=\"text-align: center;\">Tae Han-young<\/h2>\n<p>[\/et_pb_text][et_pb_image src=\u00a0\u00bbhttps:\/\/kfac.fr\/wp-content\/uploads\/2025\/09\/Tae-han-young.jpg\u00a0\u00bb alt=\u00a0\u00bbTae Han-young\u00a0\u00bb title_text=\u00a0\u00bbTae-han-young\u00a0\u00bb _builder_version=\u00a0\u00bb4.27.4&Prime; _module_preset=\u00a0\u00bbdefault\u00a0\u00bb global_colors_info=\u00a0\u00bb{}\u00a0\u00bb][\/et_pb_image][\/et_pb_column][et_pb_column type=\u00a0\u00bb1_6&Prime; module_class=\u00a0\u00bbcol-300&Prime; _builder_version=\u00a0\u00bb4.27.4&Prime; _module_preset=\u00a0\u00bbdefault\u00a0\u00bb animation_style=\u00a0\u00bbslide\u00a0\u00bb animation_direction=\u00a0\u00bbleft\u00a0\u00bb animation_duration=\u00a0\u00bb500ms\u00a0\u00bb border_radii=\u00a0\u00bbon|7px|7px|7px|7px\u00a0\u00bb border_width_all=\u00a0\u00bb2px\u00a0\u00bb global_colors_info=\u00a0\u00bb{}\u00a0\u00bb][et_pb_text _builder_version=\u00a0\u00bb4.27.4&Prime; _module_preset=\u00a0\u00bbdefault\u00a0\u00bb header_2_font_size=\u00a0\u00bb30px\u00a0\u00bb custom_margin=\u00a0\u00bb13px||||false|false\u00a0\u00bb animation_style=\u00a0\u00bbfade\u00a0\u00bb animation_duration=\u00a0\u00bb500ms\u00a0\u00bb global_colors_info=\u00a0\u00bb{}\u00a0\u00bb]<\/p>\n<h2 style=\"text-align: center;\">Moon Myung-hun<\/h2>\n<p>[\/et_pb_text][et_pb_image src=\u00a0\u00bbhttps:\/\/kfac.fr\/wp-content\/uploads\/2025\/09\/Moon-Myung-hun.jpg\u00a0\u00bb alt=\u00a0\u00bbMoon Myung-hun\u00a0\u00bb title_text=\u00a0\u00bbMoon-Myung-hun\u00a0\u00bb _builder_version=\u00a0\u00bb4.27.4&Prime; _module_preset=\u00a0\u00bbdefault\u00a0\u00bb global_colors_info=\u00a0\u00bb{}\u00a0\u00bb][\/et_pb_image][\/et_pb_column][et_pb_column type=\u00a0\u00bb1_6&Prime; module_class=\u00a0\u00bbcol-300&Prime; _builder_version=\u00a0\u00bb4.27.4&Prime; _module_preset=\u00a0\u00bbdefault\u00a0\u00bb animation_style=\u00a0\u00bbslide\u00a0\u00bb animation_direction=\u00a0\u00bbleft\u00a0\u00bb animation_duration=\u00a0\u00bb500ms\u00a0\u00bb border_radii=\u00a0\u00bbon|7px|7px|7px|7px\u00a0\u00bb border_width_all=\u00a0\u00bb2px\u00a0\u00bb global_colors_info=\u00a0\u00bb{}\u00a0\u00bb][et_pb_text _builder_version=\u00a0\u00bb4.27.4&Prime; _module_preset=\u00a0\u00bbdefault\u00a0\u00bb header_2_font_size=\u00a0\u00bb30px\u00a0\u00bb custom_margin=\u00a0\u00bb13px||||false|false\u00a0\u00bb animation_style=\u00a0\u00bbfade\u00a0\u00bb animation_duration=\u00a0\u00bb500ms\u00a0\u00bb global_colors_info=\u00a0\u00bb{}\u00a0\u00bb]<\/p>\n<h2 style=\"text-align: center;\">Kim Yeong-seok<\/h2>\n<p>[\/et_pb_text][et_pb_image src=\u00a0\u00bbhttps:\/\/kfac.fr\/wp-content\/uploads\/2025\/09\/Kim-Yeong-seok.jpg\u00a0\u00bb alt=\u00a0\u00bbKim Yeong-seok\u00a0\u00bb title_text=\u00a0\u00bbKim-Yeong-seok\u00a0\u00bb _builder_version=\u00a0\u00bb4.27.4&Prime; _module_preset=\u00a0\u00bbdefault\u00a0\u00bb global_colors_info=\u00a0\u00bb{}\u00a0\u00bb][\/et_pb_image][\/et_pb_column][et_pb_column type=\u00a0\u00bb1_6&Prime; module_class=\u00a0\u00bbcol-300&Prime; _builder_version=\u00a0\u00bb4.27.4&Prime; _module_preset=\u00a0\u00bbdefault\u00a0\u00bb animation_style=\u00a0\u00bbslide\u00a0\u00bb animation_direction=\u00a0\u00bbleft\u00a0\u00bb animation_duration=\u00a0\u00bb500ms\u00a0\u00bb border_radii=\u00a0\u00bbon|7px|7px|7px|7px\u00a0\u00bb border_width_all=\u00a0\u00bb2px\u00a0\u00bb global_colors_info=\u00a0\u00bb{}\u00a0\u00bb][et_pb_text _builder_version=\u00a0\u00bb4.27.4&Prime; _module_preset=\u00a0\u00bbdefault\u00a0\u00bb header_2_font_size=\u00a0\u00bb30px\u00a0\u00bb custom_margin=\u00a0\u00bb13px||||false|false\u00a0\u00bb animation_style=\u00a0\u00bbfade\u00a0\u00bb animation_duration=\u00a0\u00bb500ms\u00a0\u00bb global_colors_info=\u00a0\u00bb{}\u00a0\u00bb]<\/p>\n<h2 style=\"text-align: center;\">An Gwi-lyun<\/h2>\n<p>[\/et_pb_text][et_pb_image src=\u00a0\u00bbhttps:\/\/kfac.fr\/wp-content\/uploads\/2025\/09\/An-Gwi-lyun.jpg\u00a0\u00bb alt=\u00a0\u00bbAn Gwi-lyun\u00a0\u00bb title_text=\u00a0\u00bbAn-Gwi-lyun\u00a0\u00bb _builder_version=\u00a0\u00bb4.27.4&Prime; _module_preset=\u00a0\u00bbdefault\u00a0\u00bb custom_padding=\u00a0\u00bb0px|||||\u00a0\u00bb global_colors_info=\u00a0\u00bb{}\u00a0\u00bb][\/et_pb_image][\/et_pb_column][et_pb_column type=\u00a0\u00bb1_6&Prime; module_class=\u00a0\u00bbcol-300&Prime; _builder_version=\u00a0\u00bb4.27.4&Prime; _module_preset=\u00a0\u00bbdefault\u00a0\u00bb animation_style=\u00a0\u00bbslide\u00a0\u00bb animation_direction=\u00a0\u00bbleft\u00a0\u00bb animation_duration=\u00a0\u00bb500ms\u00a0\u00bb border_radii=\u00a0\u00bbon|7px|7px|7px|7px\u00a0\u00bb border_width_all=\u00a0\u00bb2px\u00a0\u00bb global_colors_info=\u00a0\u00bb{}\u00a0\u00bb][et_pb_text _builder_version=\u00a0\u00bb4.27.4&Prime; _module_preset=\u00a0\u00bbdefault\u00a0\u00bb header_2_font_size=\u00a0\u00bb30px\u00a0\u00bb custom_margin=\u00a0\u00bb13px||||false|false\u00a0\u00bb animation_style=\u00a0\u00bbfade\u00a0\u00bb animation_duration=\u00a0\u00bb500ms\u00a0\u00bb global_colors_info=\u00a0\u00bb{}\u00a0\u00bb]<\/p>\n<h2 style=\"text-align: center;\">Han Hae-sun<\/h2>\n<p>[\/et_pb_text][et_pb_image src=\u00a0\u00bbhttps:\/\/kfac.fr\/wp-content\/uploads\/2025\/09\/Han-Hae-sun.jpg\u00a0\u00bb alt=\u00a0\u00bbHan Hae-sun\u00a0\u00bb title_text=\u00a0\u00bbHan-Hae-sun\u00a0\u00bb _builder_version=\u00a0\u00bb4.27.4&Prime; _module_preset=\u00a0\u00bbdefault\u00a0\u00bb global_colors_info=\u00a0\u00bb{}\u00a0\u00bb][\/et_pb_image][\/et_pb_column][et_pb_column type=\u00a0\u00bb1_6&Prime; module_class=\u00a0\u00bbcol-300&Prime; _builder_version=\u00a0\u00bb4.27.4&Prime; _module_preset=\u00a0\u00bbdefault\u00a0\u00bb animation_style=\u00a0\u00bbslide\u00a0\u00bb animation_direction=\u00a0\u00bbleft\u00a0\u00bb animation_duration=\u00a0\u00bb500ms\u00a0\u00bb border_radii=\u00a0\u00bbon|7px|7px|7px|7px\u00a0\u00bb border_width_all=\u00a0\u00bb2px\u00a0\u00bb global_colors_info=\u00a0\u00bb{}\u00a0\u00bb][et_pb_text _builder_version=\u00a0\u00bb4.27.4&Prime; _module_preset=\u00a0\u00bbdefault\u00a0\u00bb header_2_font_size=\u00a0\u00bb30px\u00a0\u00bb custom_margin=\u00a0\u00bb13px||||false|false\u00a0\u00bb animation_style=\u00a0\u00bbfade\u00a0\u00bb animation_duration=\u00a0\u00bb500ms\u00a0\u00bb global_colors_info=\u00a0\u00bb{}\u00a0\u00bb]<\/p>\n<h2 style=\"text-align: center;\">Ha Joung-hee<\/h2>\n<p>[\/et_pb_text][et_pb_image src=\u00a0\u00bbhttps:\/\/kfac.fr\/wp-content\/uploads\/2025\/09\/Ha-Joung-hee.jpg\u00a0\u00bb alt=\u00a0\u00bbHa Joung-hee\u00a0\u00bb title_text=\u00a0\u00bbHa-Joung-hee\u00a0\u00bb _builder_version=\u00a0\u00bb4.27.4&Prime; _module_preset=\u00a0\u00bbdefault\u00a0\u00bb global_colors_info=\u00a0\u00bb{}\u00a0\u00bb][\/et_pb_image][\/et_pb_column][\/et_pb_row][et_pb_row module_class=\u00a0\u00bbligne-centre\u00a0\u00bb _builder_version=\u00a0\u00bb4.27.4&Prime; _module_preset=\u00a0\u00bbdefault\u00a0\u00bb max_width=\u00a0\u00bb1200px\u00a0\u00bb custom_css_free_form=\u00a0\u00bb.ligne-centre {||  width: 100%;||  max-width: 1100px;||  margin: 0 auto;||  padding: 0 10px;||  display: flex;||  flex-wrap: wrap;||  justify-content: center;||  box-sizing: border-box;||}||||.ligne-centre .col-300 {||  width: 300px;||  max-width: 281px;||  flex: 0 0 281px; \/* fixe totalement la largeur *\/||  margin: 25px;||  box-sizing: border-box;||}||\u00a0\u00bb global_colors_info=\u00a0\u00bb{}\u00a0\u00bb][et_pb_column type=\u00a0\u00bb4_4&Prime; module_class=\u00a0\u00bbcol-300&Prime; _builder_version=\u00a0\u00bb4.27.4&Prime; _module_preset=\u00a0\u00bbdefault\u00a0\u00bb animation_style=\u00a0\u00bbslide\u00a0\u00bb animation_direction=\u00a0\u00bbleft\u00a0\u00bb animation_duration=\u00a0\u00bb500ms\u00a0\u00bb border_radii=\u00a0\u00bbon|7px|7px|7px|7px\u00a0\u00bb border_width_all=\u00a0\u00bb2px\u00a0\u00bb global_colors_info=\u00a0\u00bb{}\u00a0\u00bb][et_pb_text _builder_version=\u00a0\u00bb4.27.4&Prime; _module_preset=\u00a0\u00bbdefault\u00a0\u00bb header_2_font_size=\u00a0\u00bb30px\u00a0\u00bb custom_margin=\u00a0\u00bb13px||||false|false\u00a0\u00bb animation_style=\u00a0\u00bbfade\u00a0\u00bb animation_duration=\u00a0\u00bb500ms\u00a0\u00bb global_colors_info=\u00a0\u00bb{}\u00a0\u00bb]<\/p>\n<h2 style=\"text-align: center;\">Shin Eun-ju<\/h2>\n<p>[\/et_pb_text][et_pb_image src=\u00a0\u00bbhttps:\/\/kfac.fr\/wp-content\/uploads\/2025\/09\/Shin-Eun-ju.jpg\u00a0\u00bb alt=\u00a0\u00bbShin Eun-ju\u00a0\u00bb title_text=\u00a0\u00bbShin-Eun-ju\u00a0\u00bb _builder_version=\u00a0\u00bb4.27.4&Prime; _module_preset=\u00a0\u00bbdefault\u00a0\u00bb global_colors_info=\u00a0\u00bb{}\u00a0\u00bb][\/et_pb_image][\/et_pb_column][\/et_pb_row][\/et_pb_section][et_pb_section fb_built=\u00a0\u00bb1&Prime; admin_label=\u00a0\u00bbFooter\u00a0\u00bb _builder_version=\u00a0\u00bb4.27.4&Prime; _module_preset=\u00a0\u00bbdefault\u00a0\u00bb background_color=\u00a0\u00bb#000000&Prime; custom_margin=\u00a0\u00bb0px||0px||false|false\u00a0\u00bb custom_padding=\u00a0\u00bb0px||0px||false|false\u00a0\u00bb saved_tabs=\u00a0\u00bball\u00a0\u00bb locked=\u00a0\u00bboff\u00a0\u00bb collapsed=\u00a0\u00bbon\u00a0\u00bb global_colors_info=\u00a0\u00bb{}\u00a0\u00bb][et_pb_row column_structure=\u00a0\u00bb1_3,1_3,1_3&Prime; _builder_version=\u00a0\u00bb4.24.2&Prime; _module_preset=\u00a0\u00bbdefault\u00a0\u00bb width=\u00a0\u00bb90%\u00a0\u00bb max_width=\u00a0\u00bbnone\u00a0\u00bb global_colors_info=\u00a0\u00bb{}\u00a0\u00bb][et_pb_column type=\u00a0\u00bb1_3&Prime; _builder_version=\u00a0\u00bb4.24.1&Prime; _module_preset=\u00a0\u00bbdefault\u00a0\u00bb global_colors_info=\u00a0\u00bb{}\u00a0\u00bb][\/et_pb_column][et_pb_column type=\u00a0\u00bb1_3&Prime; _builder_version=\u00a0\u00bb4.24.1&Prime; _module_preset=\u00a0\u00bbdefault\u00a0\u00bb global_colors_info=\u00a0\u00bb{}\u00a0\u00bb][et_pb_image src=\u00a0\u00bbhttp:\/\/kfac.fr\/wp-content\/uploads\/2025\/05\/logo-kfac-h70-white.png\u00a0\u00bb alt=\u00a0\u00bbKorean French Art Connexion\u00a0\u00bb title_text=\u00a0\u00bblogo-kfac-h70-white\u00a0\u00bb url=\u00a0\u00bb@ET-DC@eyJkeW5hbWljIjp0cnVlLCJjb250ZW50IjoiaG9tZV91cmwiLCJzZXR0aW5ncyI6e319@\u00a0\u00bb align=\u00a0\u00bbcenter\u00a0\u00bb _builder_version=\u00a0\u00bb4.27.4&Prime; _dynamic_attributes=\u00a0\u00bburl\u00a0\u00bb _module_preset=\u00a0\u00bbdefault\u00a0\u00bb global_colors_info=\u00a0\u00bb{}\u00a0\u00bb][\/et_pb_image][\/et_pb_column][et_pb_column type=\u00a0\u00bb1_3&Prime; _builder_version=\u00a0\u00bb4.24.1&Prime; _module_preset=\u00a0\u00bbdefault\u00a0\u00bb global_colors_info=\u00a0\u00bb{}\u00a0\u00bb][et_pb_social_media_follow _builder_version=\u00a0\u00bb4.27.4&Prime; _module_preset=\u00a0\u00bbdefault\u00a0\u00bb text_orientation=\u00a0\u00bbright\u00a0\u00bb text_orientation_tablet=\u00a0\u00bbcenter\u00a0\u00bb text_orientation_phone=\u00a0\u00bbcenter\u00a0\u00bb text_orientation_last_edited=\u00a0\u00bbon|tablet\u00a0\u00bb global_colors_info=\u00a0\u00bb{}\u00a0\u00bb][et_pb_social_media_follow_network social_network=\u00a0\u00bbfacebook\u00a0\u00bb url=\u00a0\u00bbhttps:\/\/www.facebook.com\/festivalcoreedici\u00a0\u00bb _builder_version=\u00a0\u00bb4.27.4&Prime; _module_preset=\u00a0\u00bbdefault\u00a0\u00bb global_colors_info=\u00a0\u00bb{}\u00a0\u00bb follow_button=\u00a0\u00bboff\u00a0\u00bb url_new_window=\u00a0\u00bbon\u00a0\u00bb]facebook[\/et_pb_social_media_follow_network][et_pb_social_media_follow_network social_network=\u00a0\u00bbinstagram\u00a0\u00bb url=\u00a0\u00bbhttps:\/\/www.instagram.com\/association_coreegraphie\/\u00a0\u00bb _builder_version=\u00a0\u00bb4.27.4&Prime; _module_preset=\u00a0\u00bbdefault\u00a0\u00bb global_colors_info=\u00a0\u00bb{}\u00a0\u00bb follow_button=\u00a0\u00bboff\u00a0\u00bb url_new_window=\u00a0\u00bbon\u00a0\u00bb]instagram[\/et_pb_social_media_follow_network][et_pb_social_media_follow_network social_network=\u00a0\u00bbtiktok\u00a0\u00bb url=\u00a0\u00bbhttps:\/\/www.tiktok.com\/@coreegraphie\u00a0\u00bb _builder_version=\u00a0\u00bb4.27.4&Prime; _module_preset=\u00a0\u00bbdefault\u00a0\u00bb background_color=\u00a0\u00bbRGBA(255,255,255,0)\u00a0\u00bb background_enable_color=\u00a0\u00bbon\u00a0\u00bb global_colors_info=\u00a0\u00bb{}\u00a0\u00bb follow_button=\u00a0\u00bboff\u00a0\u00bb url_new_window=\u00a0\u00bbon\u00a0\u00bb]tiktok[\/et_pb_social_media_follow_network][et_pb_social_media_follow_network social_network=\u00a0\u00bbyoutube\u00a0\u00bb url=\u00a0\u00bbhttps:\/\/www.youtube.com\/channel\/UCqpPGDrDt0USoG3pQdcu7PQ\/videos\u00a0\u00bb _builder_version=\u00a0\u00bb4.27.4&Prime; _module_preset=\u00a0\u00bbdefault\u00a0\u00bb background_color=\u00a0\u00bbRGBA(255,255,255,0)\u00a0\u00bb background_enable_color=\u00a0\u00bbon\u00a0\u00bb global_colors_info=\u00a0\u00bb{}\u00a0\u00bb follow_button=\u00a0\u00bboff\u00a0\u00bb url_new_window=\u00a0\u00bbon\u00a0\u00bb]youtube[\/et_pb_social_media_follow_network][\/et_pb_social_media_follow][\/et_pb_column][\/et_pb_row][\/et_pb_section]<\/p>\n","protected":false},"excerpt":{"rendered":"<p>Suyeong YaryuNational Intangible Cultural Heritage &#8211; Le 11 Octobre 2025 \u00e0 l&rsquo;op\u00e9ra Com\u00e9die \/ Salle Moli\u00e8re -LE SAMEDI 11 OCTOBRE 2025 \/ 19h \/ Op\u00e9ra Com\u00e9die \/ Salle Moli\u00e8re \/ MontpellierSuyeong YaryuLe Suyeong Yaryu est une pi\u00e8ce de th\u00e9\u00e2tre traditionnel masqu\u00e9 originaire de Suyeong-dong, Nam-du et Busan. Remontant \u00e0 pr\u00e8s de deux si\u00e8cles, il appartient [&hellip;]<\/p>\n","protected":false},"author":1,"featured_media":0,"parent":138,"menu_order":0,"comment_status":"closed","ping_status":"closed","template":"","meta":{"_et_pb_use_builder":"on","_et_pb_old_content":"","_et_gb_content_width":"","footnotes":""},"class_list":["post-143","page","type-page","status-publish","hentry"],"_links":{"self":[{"href":"https:\/\/kfac.fr\/ko\/wp-json\/wp\/v2\/pages\/143","targetHints":{"allow":["GET"]}}],"collection":[{"href":"https:\/\/kfac.fr\/ko\/wp-json\/wp\/v2\/pages"}],"about":[{"href":"https:\/\/kfac.fr\/ko\/wp-json\/wp\/v2\/types\/page"}],"author":[{"embeddable":true,"href":"https:\/\/kfac.fr\/ko\/wp-json\/wp\/v2\/users\/1"}],"replies":[{"embeddable":true,"href":"https:\/\/kfac.fr\/ko\/wp-json\/wp\/v2\/comments?post=143"}],"version-history":[{"count":34,"href":"https:\/\/kfac.fr\/ko\/wp-json\/wp\/v2\/pages\/143\/revisions"}],"predecessor-version":[{"id":857,"href":"https:\/\/kfac.fr\/ko\/wp-json\/wp\/v2\/pages\/143\/revisions\/857"}],"up":[{"embeddable":true,"href":"https:\/\/kfac.fr\/ko\/wp-json\/wp\/v2\/pages\/138"}],"wp:attachment":[{"href":"https:\/\/kfac.fr\/ko\/wp-json\/wp\/v2\/media?parent=143"}],"curies":[{"name":"wp","href":"https:\/\/api.w.org\/{rel}","templated":true}]}}