{"id":138,"date":"2025-05-23T01:52:44","date_gmt":"2025-05-23T01:52:44","guid":{"rendered":"http:\/\/kfac.fr\/?page_id=138"},"modified":"2026-03-17T23:22:42","modified_gmt":"2026-03-17T23:22:42","slug":"programmation2025","status":"publish","type":"page","link":"https:\/\/kfac.fr\/ko\/archives\/programmation2025\/","title":{"rendered":"2025\ub144 \ud589\uc0ac \ud504\ub85c\uadf8\ub7a8"},"content":{"rendered":"<p>[et_pb_section fb_built=\u00a0\u00bb1&Prime; admin_label=\u00a0\u00bbHeader\u00a0\u00bb _builder_version=\u00a0\u00bb4.27.4&Prime; _module_preset=\u00a0\u00bbdefault\u00a0\u00bb background_color=\u00a0\u00bb#0033a0&Prime; use_background_color_gradient=\u00a0\u00bbon\u00a0\u00bb background_color_gradient_stops=\u00a0\u00bbrgba(0,0,0,0.5) 0%|rgba(0,0,0,0.5) 100%\u00a0\u00bb background_color_gradient_overlays_image=\u00a0\u00bbon\u00a0\u00bb background_image=\u00a0\u00bbhttps:\/\/kfac.fr\/wp-content\/uploads\/2025\/06\/2-1900.jpg\u00a0\u00bb parallax=\u00a0\u00bbon\u00a0\u00bb background_blend=\u00a0\u00bbluminosity\u00a0\u00bb width=\u00a0\u00bb100%\u00a0\u00bb custom_padding=\u00a0\u00bb0vw||21px||false|false\u00a0\u00bb collapsed=\u00a0\u00bbon\u00a0\u00bb global_colors_info=\u00a0\u00bb{}\u00a0\u00bb][et_pb_row _builder_version=\u00a0\u00bb4.24.2&Prime; _module_preset=\u00a0\u00bbdefault\u00a0\u00bb width=\u00a0\u00bb90%\u00a0\u00bb max_width=\u00a0\u00bbnone\u00a0\u00bb custom_margin=\u00a0\u00bb|auto|-23px|auto||\u00a0\u00bb global_colors_info=\u00a0\u00bb{}\u00a0\u00bb][et_pb_column type=\u00a0\u00bb4_4&Prime; _builder_version=\u00a0\u00bb4.24.1&Prime; _module_preset=\u00a0\u00bbdefault\u00a0\u00bb global_colors_info=\u00a0\u00bb{}\u00a0\u00bb][et_pb_image src=\u00a0\u00bbhttp:\/\/kfac.fr\/wp-content\/uploads\/2025\/05\/logo-kfac-1500-white.png\u00a0\u00bb alt=\u00a0\u00bbKorean French Art Connexion\u00a0\u00bb title_text=\u00a0\u00bblogo-kfac-1500-white\u00a0\u00bb align=\u00a0\u00bbcenter\u00a0\u00bb _builder_version=\u00a0\u00bb4.27.4&Prime; _module_preset=\u00a0\u00bbdefault\u00a0\u00bb max_width=\u00a0\u00bb30%\u00a0\u00bb module_alignment=\u00a0\u00bbcenter\u00a0\u00bb max_height=\u00a0\u00bb34vw\u00a0\u00bb custom_margin=\u00a0\u00bb||10px||false|false\u00a0\u00bb animation_style=\u00a0\u00bbfade\u00a0\u00bb global_colors_info=\u00a0\u00bb{}\u00a0\u00bb][\/et_pb_image][et_pb_text _builder_version=\u00a0\u00bb4.27.6&Prime; _module_preset=\u00a0\u00bb570b9dd5-f93c-4c6f-b25e-8e2ce2bd2046&Prime; header_text_color=\u00a0\u00bb#FFFFFF\u00a0\u00bb header_font_size=\u00a0\u00bb3vw\u00a0\u00bb text_orientation=\u00a0\u00bbcenter\u00a0\u00bb custom_margin=\u00a0\u00bb||10px||false|false\u00a0\u00bb animation_style=\u00a0\u00bbflip\u00a0\u00bb scroll_horizontal_motion=\u00a0\u00bb0|50|50|100|-4|0|5&Prime; hover_enabled=\u00a0\u00bb0&Prime; global_colors_info=\u00a0\u00bb{}\u00a0\u00bb sticky_enabled=\u00a0\u00bb0&Prime;]<\/p>\n<h1>KOREAN FRENCH ART CONNECTION 2025<\/h1>\n<p>[\/et_pb_text][\/et_pb_column][\/et_pb_row][\/et_pb_section][et_pb_section fb_built=\u00a0\u00bb1&Prime; _builder_version=\u00a0\u00bb4.27.4&Prime; _module_preset=\u00a0\u00bbdefault\u00a0\u00bb global_colors_info=\u00a0\u00bb{}\u00a0\u00bb][et_pb_row column_structure=\u00a0\u00bb1_2,1_2&Prime; _builder_version=\u00a0\u00bb4.27.4&Prime; _module_preset=\u00a0\u00bbdefault\u00a0\u00bb global_colors_info=\u00a0\u00bb{}\u00a0\u00bb][et_pb_column type=\u00a0\u00bb1_2&Prime; _builder_version=\u00a0\u00bb4.27.4&Prime; _module_preset=\u00a0\u00bbdefault\u00a0\u00bb animation_style=\u00a0\u00bbslide\u00a0\u00bb animation_direction=\u00a0\u00bbright\u00a0\u00bb animation_duration=\u00a0\u00bb700ms\u00a0\u00bb border_radii=\u00a0\u00bbon|7px|7px|7px|7px\u00a0\u00bb border_width_all=\u00a0\u00bb2px\u00a0\u00bb global_colors_info=\u00a0\u00bb{}\u00a0\u00bb][et_pb_text _builder_version=\u00a0\u00bb4.27.4&Prime; _module_preset=\u00a0\u00bbdefault\u00a0\u00bb header_2_font_size=\u00a0\u00bb30px\u00a0\u00bb custom_margin=\u00a0\u00bb13px||||false|false\u00a0\u00bb animation_style=\u00a0\u00bbfade\u00a0\u00bb animation_duration=\u00a0\u00bb500ms\u00a0\u00bb global_colors_info=\u00a0\u00bb{}\u00a0\u00bb]<\/p>\n<h2 style=\"text-align: center;\">Suyeong Yaryu<\/h2>\n<p>[\/et_pb_text][et_pb_text _builder_version=\u00a0\u00bb4.27.4&Prime; _module_preset=\u00a0\u00bbdefault\u00a0\u00bb text_text_color=\u00a0\u00bb#000000&Prime; text_font_size=\u00a0\u00bb17px\u00a0\u00bb text_line_height=\u00a0\u00bb1em\u00a0\u00bb custom_margin=\u00a0\u00bb-22px||16px||false|false\u00a0\u00bb global_colors_info=\u00a0\u00bb{}\u00a0\u00bb]<\/p>\n<p style=\"text-align: center;\"><strong><em>LE 11 OCTOBRE 2025 &Agrave; L&rsquo;OP&Eacute;RA COM&Eacute;DIE \/  SALLE MOLIERE \/ MONTPELLIER<\/em><\/strong><\/p>\n<p>[\/et_pb_text][et_pb_image src=\u00a0\u00bbhttp:\/\/kfac.fr\/wp-content\/uploads\/2025\/05\/Suyeong-Yaryu-4.png\u00a0\u00bb alt=\u00a0\u00bbSuyeong Yaryu\u00a0\u00bb title_text=\u00a0\u00bbSuyeong-Yaryu&#8211;4&Prime; url=\u00a0\u00bb@ET-DC@eyJkeW5hbWljIjp0cnVlLCJjb250ZW50IjoicG9zdF9saW5rX3VybF9wYWdlIiwic2V0dGluZ3MiOnsicG9zdF9pZCI6IjE0MyJ9fQ==@\u00a0\u00bb _builder_version=\u00a0\u00bb4.27.4&Prime; _dynamic_attributes=\u00a0\u00bburl\u00a0\u00bb _module_preset=\u00a0\u00bbdefault\u00a0\u00bb global_colors_info=\u00a0\u00bb{}\u00a0\u00bb][\/et_pb_image][et_pb_text _builder_version=\u00a0\u00bb4.27.4&Prime; _module_preset=\u00a0\u00bbdefault\u00a0\u00bb custom_margin=\u00a0\u00bb|12px||12px|false|true\u00a0\u00bb custom_padding=\u00a0\u00bb||18px||false|false\u00a0\u00bb global_colors_info=\u00a0\u00bb{}\u00a0\u00bb]<\/p>\n<p>Le <strong>Suyeong Yaryu<\/strong> est une pi\u00e8ce de th\u00e9\u00e2tre traditionnel qui se joue avec un masque, originaire des villes de Suyeong-dong, Nam-du et Busan. Il est consid\u00e9r\u00e9 comme un bien culturel immat\u00e9riel depuis 1971.<\/p>\n<p>Il s\u2019agit d\u2019un rite social et artistique, comprenant un jeu d\u2019acteurs, de la danse et de la musique. De nos jours, il existe un centre de formation \u00e0 Suyeong-dong au sein du parc Suyeong.<\/p>\n<p>[\/et_pb_text][et_pb_text _builder_version=\u00a0\u00bb4.27.4&Prime; _dynamic_attributes=\u00a0\u00bblink_option_url\u00a0\u00bb _module_preset=\u00a0\u00bbdefault\u00a0\u00bb custom_margin=\u00a0\u00bb||7px||false|false\u00a0\u00bb animation_style=\u00a0\u00bbfade\u00a0\u00bb animation_direction=\u00a0\u00bbleft\u00a0\u00bb animation_duration=\u00a0\u00bb900ms\u00a0\u00bb animation_starting_opacity=\u00a0\u00bb44%\u00a0\u00bb link_option_url=\u00a0\u00bb@ET-DC@eyJkeW5hbWljIjp0cnVlLCJjb250ZW50IjoicG9zdF9saW5rX3VybF9wYWdlIiwic2V0dGluZ3MiOnsicG9zdF9pZCI6IjE0MyJ9fQ==@\u00a0\u00bb custom_css_free_form=\u00a0\u00bb.btn-read-more {||  display: inline-flex;||  align-items: center;||  padding: 0.6em 1.2em;||  background: #000000;       \/* fond noir *\/||  color: white;||  font-weight: 600;||  border-radius: 4px;        \/* bordure tr\u00e8s peu arrondie *\/||  border: 2px solid white;   \/* bordure blanche *\/||  text-decoration: none;||  font-family: &lsquo;Segoe UI&rsquo;, Tahoma, Geneva, Verdana, sans-serif;||  transition: background-color 0.3s ease, color 0.3s ease;||  cursor: pointer;||  user-select: none;||  box-shadow: none;||}||||.btn-read-more .arrow {||  display: inline-block;||  margin-left: 0.5em;||  font-weight: 700;||  transition: transform 0.3s ease;||  font-size:1.3em;||}||||.btn-read-more:hover {||  background: white;        \/* fond blanc au hover *\/||  color: black;             \/* texte noir au hover *\/||  border-color: black;      \/* bordure noire au hover *\/||}||||.btn-read-more:hover .arrow {||  transform: translateX(6px);||  color: black;||}||\u00a0\u00bb global_colors_info=\u00a0\u00bb{}\u00a0\u00bb]<\/p>\n<p style=\"text-align: center;\"><a href=\"suyeong-yaryu\" class=\"btn-read-more\">Toutes les informations <span class=\"arrow\">&#10132;<\/span><\/a><\/p>\n<p>[\/et_pb_text][\/et_pb_column][et_pb_column type=\u00a0\u00bb1_2&Prime; _builder_version=\u00a0\u00bb4.27.4&Prime; _module_preset=\u00a0\u00bbdefault\u00a0\u00bb animation_style=\u00a0\u00bbslide\u00a0\u00bb animation_direction=\u00a0\u00bbleft\u00a0\u00bb animation_duration=\u00a0\u00bb500ms\u00a0\u00bb border_radii=\u00a0\u00bbon|7px|7px|7px|7px\u00a0\u00bb border_width_all=\u00a0\u00bb2px\u00a0\u00bb global_colors_info=\u00a0\u00bb{}\u00a0\u00bb][et_pb_text _builder_version=\u00a0\u00bb4.27.4&Prime; _module_preset=\u00a0\u00bbdefault\u00a0\u00bb header_2_font_size=\u00a0\u00bb30px\u00a0\u00bb custom_margin=\u00a0\u00bb13px||||false|false\u00a0\u00bb animation_style=\u00a0\u00bbfade\u00a0\u00bb animation_duration=\u00a0\u00bb500ms\u00a0\u00bb global_colors_info=\u00a0\u00bb{}\u00a0\u00bb]<\/p>\n<h2 style=\"text-align: center;\">Seoul Gyobang<\/h2>\n<p>[\/et_pb_text][et_pb_text _builder_version=\u00a0\u00bb4.27.4&Prime; _module_preset=\u00a0\u00bbdefault\u00a0\u00bb text_text_color=\u00a0\u00bb#000000&Prime; text_font_size=\u00a0\u00bb17px\u00a0\u00bb text_line_height=\u00a0\u00bb1em\u00a0\u00bb custom_margin=\u00a0\u00bb-22px||16px||false|false\u00a0\u00bb global_colors_info=\u00a0\u00bb{}\u00a0\u00bb]<\/p>\n<p style=\"text-align: center;\"><strong><em>PROPOSITION \u00c0 L&rsquo;OCCASION DES 25 ANS DE LA MAISON DES RELATIONS INTERNATIONALES NELSON MANDELA<\/em><\/strong><\/p>\n<p>[\/et_pb_text][et_pb_image src=\u00a0\u00bbhttp:\/\/kfac.fr\/wp-content\/uploads\/2025\/05\/kfac-background-acceui2l.jpg\u00a0\u00bb title_text=\u00a0\u00bbkfac-background-acceui2l\u00a0\u00bb url=\u00a0\u00bb@ET-DC@eyJkeW5hbWljIjp0cnVlLCJjb250ZW50IjoicG9zdF9saW5rX3VybF9wYWdlIiwic2V0dGluZ3MiOnsicG9zdF9pZCI6IjE2OSJ9fQ==@\u00a0\u00bb _builder_version=\u00a0\u00bb4.27.4&Prime; _dynamic_attributes=\u00a0\u00bburl\u00a0\u00bb _module_preset=\u00a0\u00bbdefault\u00a0\u00bb global_colors_info=\u00a0\u00bb{}\u00a0\u00bb][\/et_pb_image][et_pb_text _builder_version=\u00a0\u00bb4.27.4&Prime; _module_preset=\u00a0\u00bbdefault\u00a0\u00bb header_3_font_size=\u00a0\u00bb17px\u00a0\u00bb custom_margin=\u00a0\u00bb|12px||12px|false|true\u00a0\u00bb custom_padding=\u00a0\u00bb||18px||false|false\u00a0\u00bb global_colors_info=\u00a0\u00bb{}\u00a0\u00bb]<\/p>\n<p>S\u00e9oul Gyobang, fond\u00e9e en 2010 par la directrice artistique Kim Kyung-ran, est une compagnie d\u00e9di\u00e9e \u00e0 la pr\u00e9servation et au d\u00e9veloppement de l&rsquo;art chor\u00e9graphique traditionnel cor\u00e9en.<\/p>\n<p>Cette troupe a pour mission de r\u00e9interpr\u00e9ter les danses du &lsquo;Gwonbeon&rsquo; \u2014 institution de formation des artistes f\u00e9minines de l&rsquo;\u00e8re moderne cor\u00e9enne \u2014 \u00e0 travers une esth\u00e9tique contemporaine, afin d&rsquo;en transmettre l&rsquo;essence vivante au public actuel.<\/p>\n<p>[\/et_pb_text][et_pb_text _builder_version=\u00a0\u00bb4.27.4&Prime; _dynamic_attributes=\u00a0\u00bblink_option_url\u00a0\u00bb _module_preset=\u00a0\u00bbdefault\u00a0\u00bb custom_margin=\u00a0\u00bb||7px||false|false\u00a0\u00bb animation_style=\u00a0\u00bbfade\u00a0\u00bb animation_direction=\u00a0\u00bbleft\u00a0\u00bb animation_duration=\u00a0\u00bb800ms\u00a0\u00bb animation_starting_opacity=\u00a0\u00bb44%\u00a0\u00bb link_option_url=\u00a0\u00bb@ET-DC@eyJkeW5hbWljIjp0cnVlLCJjb250ZW50IjoicG9zdF9saW5rX3VybF9wYWdlIiwic2V0dGluZ3MiOnsicG9zdF9pZCI6IjE2OSJ9fQ==@\u00a0\u00bb custom_css_free_form=\u00a0\u00bb.btn-read-more {||  display: inline-flex;||  align-items: center;||  padding: 0.6em 1.2em;||  background: #000000;       \/* fond noir *\/||  color: white;||  font-weight: 600;||  border-radius: 4px;        \/* bordure tr\u00e8s peu arrondie *\/||  border: 2px solid white;   \/* bordure blanche *\/||  text-decoration: none;||  font-family: &lsquo;Segoe UI&rsquo;, Tahoma, Geneva, Verdana, sans-serif;||  transition: background-color 0.3s ease, color 0.3s ease;||  cursor: pointer;||  user-select: none;||  box-shadow: none;||}||||.btn-read-more .arrow {||  display: inline-block;||  margin-left: 0.5em;||  font-weight: 700;||  transition: transform 0.3s ease;||  font-size:1.3em;||}||||.btn-read-more:hover {||  background: white;        \/* fond blanc au hover *\/||  color: black;             \/* texte noir au hover *\/||  border-color: black;      \/* bordure noire au hover *\/||}||||.btn-read-more:hover .arrow {||  transform: translateX(6px);||  color: black;||}||\u00a0\u00bb global_colors_info=\u00a0\u00bb{}\u00a0\u00bb]<\/p>\n<p style=\"text-align: center;\"> <a href=\"seoul-gyobang\/\" class=\"btn-read-more\">Toutes les informations <span class=\"arrow\">&#10132;<\/span><\/a><\/p>\n<p>[\/et_pb_text][\/et_pb_column][\/et_pb_row][\/et_pb_section][et_pb_section fb_built=\u00a0\u00bb1&Prime; _builder_version=\u00a0\u00bb4.27.4&Prime; _module_preset=\u00a0\u00bbdefault\u00a0\u00bb global_colors_info=\u00a0\u00bb{}\u00a0\u00bb][et_pb_row column_structure=\u00a0\u00bb1_2,1_2&Prime; _builder_version=\u00a0\u00bb4.27.4&Prime; _module_preset=\u00a0\u00bbdefault\u00a0\u00bb max_width=\u00a0\u00bb80vw\u00a0\u00bb global_colors_info=\u00a0\u00bb{}\u00a0\u00bb][et_pb_column type=\u00a0\u00bb1_2&Prime; _builder_version=\u00a0\u00bb4.27.4&Prime; _module_preset=\u00a0\u00bbdefault\u00a0\u00bb global_colors_info=\u00a0\u00bb{}\u00a0\u00bb][et_pb_text _builder_version=\u00a0\u00bb4.27.6&Prime; _module_preset=\u00a0\u00bb94348bfe-9160-40f2-a5f0-d862bcd89ff1&Prime; header_2_font_size=\u00a0\u00bb55px\u00a0\u00bb max_width=\u00a0\u00bb100%\u00a0\u00bb custom_margin=\u00a0\u00bb0px||0px||false|false\u00a0\u00bb custom_padding=\u00a0\u00bb0px||0px||false|false\u00a0\u00bb animation_style=\u00a0\u00bbfade\u00a0\u00bb animation_duration=\u00a0\u00bb700ms\u00a0\u00bb header_2_font_size_tablet=\u00a0\u00bb38px\u00a0\u00bb header_2_font_size_phone=\u00a0\u00bb32px\u00a0\u00bb header_2_font_size_last_edited=\u00a0\u00bbon|phone\u00a0\u00bb global_colors_info=\u00a0\u00bb{}\u00a0\u00bb]<\/p>\n<p><strong><em>L<span style=\"font-weight: bold; font-size: 1.1em;\">e 14 octobre 2025 : d\u00eener cor\u00e9en au restaurant du lyc\u00e9e h\u00f4telier Georges Fr\u00eache <\/span><\/em><\/strong><\/p>\n<h2><span style=\"font-weight: bold; font-size: 1em;\"><i>D\u00e9couverte de la gastronomie Cor\u00e9enne<\/i><\/span><\/h2>\n<p>[\/et_pb_text][et_pb_text _builder_version=\u00a0\u00bb4.27.4&Prime; _module_preset=\u00a0\u00bbfb1c5645-9bde-45e1-8467-0687ce78b789&Prime; max_width=\u00a0\u00bb100%\u00a0\u00bb animation_style=\u00a0\u00bbfade\u00a0\u00bb global_colors_info=\u00a0\u00bb{}\u00a0\u00bb]<\/p>\n<p>Nous vous proposons de d\u00e9couvrir les richesses de la gastronomie cor\u00e9enne \u00e0 l\u2019occasion d\u2019un d\u00eener exceptionnel au lyc\u00e9e h\u00f4telier Georges Fr\u00eache concoct\u00e9 par le chef cor\u00e9en Choi-Jae-hyun assist\u00e9 de Shin-Min-gyu.<\/p>\n<p><strong data-start=\"120\" data-end=\"167\">Choi Jae-hyun \u2013 Pr\u00e9sident de Taeyang Global<\/strong><br data-start=\"167\" data-end=\"170\" \/>Ancien membre du d\u00e9partement restauration du Seoul Plaza Hotel (1988\u20112024). Responsable g\u00e9n\u00e9ral de multiples \u00e9v\u00e9nements internationaux de gastronomie cor\u00e9enne (Sri Lanka, Italie, Malaisie, Luxembourg, France) et membre du conseil d\u2019administration de l\u2019Association des Arts Traditionnels, branche Gyeonggi.<\/p>\n<p data-start=\"479\" data-end=\"878\">Vision personnelle :<br data-start=\"501\" data-end=\"504\" \/><em>Avec la voix de notre peuple et la danse de nos traditions, je souhaite contribuer \u00e0 cr\u00e9er un monde empreint de vitalit\u00e9.<\/em><br data-start=\"625\" data-end=\"628\" \/><em>Par l\u2019apprentissage et la pratique de la cuisine cor\u00e9enne, du b\u00e9n\u00e9volat, de la randonn\u00e9e et du samulnori (percussions traditionnelles), je m\u2019efforce, \u00e0 travers les \u00e9v\u00e9nements d\u2019\u00e9changes internationaux, de faire rayonner notre culture dans le monde.<\/em><\/p>\n<p data-start=\"112\" data-end=\"511\"><strong data-start=\"112\" data-end=\"169\">Shin Min-gyu \u2013 Chef ex\u00e9cutif, H\u00f4tel The Plaza (S\u00e9oul)<\/strong><br data-start=\"169\" data-end=\"172\" \/>30 ans d\u2019exp\u00e9rience en cuisine et gestion h\u00f4teli\u00e8re, avec un parcours allant de la cuisine occidentale \u00e0 la direction culinaire et aux achats, incluant formations et interventions internationales (CJ Cooking Academy, Marriott, festivals en France et Luxembourg). Certifi\u00e9 en cuisine cor\u00e9enne et occidentale, hygi\u00e8ne alimentaire et HACCP.<\/p>\n<p data-start=\"513\" data-end=\"756\">Philosophie culinaire<br data-start=\"538\" data-end=\"541\" \/><em>La sinc\u00e9rit\u00e9 est le meilleur assaisonnement, et la force d\u2019un repas peut transformer toute une journ\u00e9e.<\/em><br data-start=\"648\" data-end=\"651\" \/><em>Je consid\u00e8re que la cuisine n\u2019est pas un simple repas, mais un art capable de toucher le c\u0153ur des gens.<\/em><\/p>\n<p><strong>Au menu :<\/strong> vermicelles de patate douce saut\u00e9s au b\u0153uf, porc \u00e9pic\u00e9 saut\u00e9, namul de l\u00e9gumes de montagne assaisonn\u00e9s, \u0153ufs de colin sal\u00e9s, courgettes saut\u00e9es aux crevettes sal\u00e9es, pancake cor\u00e9en sal\u00e9, soupe de p\u00e2te de soja, kimchi frais non ferment\u00e9, riz blanc, fruits.<\/p>\n<p>Le 14 octobre \u00e0 partir de 19h.<br \/><i>30 personnes maximum<\/i><br \/>R\u00e9servations aupr\u00e8s du restaurant : 04 67 13 05 05<\/p>\n<p>Adresse : lyc\u00e9e h\u00f4telier Georges Fr\u00eache, 401 Rue Le Titien, 34000 Montpellier<\/p>\n<p>[\/et_pb_text][\/et_pb_column][et_pb_column type=\u00a0\u00bb1_2&Prime; _builder_version=\u00a0\u00bb4.27.4&Prime; _module_preset=\u00a0\u00bbdefault\u00a0\u00bb global_colors_info=\u00a0\u00bb{}\u00a0\u00bb][et_pb_image src=\u00a0\u00bbhttps:\/\/kfac.fr\/wp-content\/uploads\/2025\/10\/chefs-oct25.jpg\u00a0\u00bb title_text=\u00a0\u00bbchefs-oct25&Prime; _builder_version=\u00a0\u00bb4.27.4&Prime; _module_preset=\u00a0\u00bbdefault\u00a0\u00bb global_colors_info=\u00a0\u00bb{}\u00a0\u00bb][\/et_pb_image][et_pb_image src=\u00a0\u00bbhttps:\/\/kfac.fr\/wp-content\/uploads\/2025\/10\/gastro-freche.jpg\u00a0\u00bb title_text=\u00a0\u00bbgastro-freche\u00a0\u00bb _builder_version=\u00a0\u00bb4.27.4&Prime; _module_preset=\u00a0\u00bbdefault\u00a0\u00bb global_colors_info=\u00a0\u00bb{}\u00a0\u00bb][\/et_pb_image][\/et_pb_column][\/et_pb_row][\/et_pb_section][et_pb_section fb_built=\u00a0\u00bb1&Prime; _builder_version=\u00a0\u00bb4.27.4&Prime; _module_preset=\u00a0\u00bbdefault\u00a0\u00bb background_color=\u00a0\u00bb#cd2e3a\u00a0\u00bb global_colors_info=\u00a0\u00bb{}\u00a0\u00bb][et_pb_row column_structure=\u00a0\u00bb1_2,1_2&Prime; _builder_version=\u00a0\u00bb4.27.4&Prime; _module_preset=\u00a0\u00bbdefault\u00a0\u00bb max_width=\u00a0\u00bb80vw\u00a0\u00bb global_colors_info=\u00a0\u00bb{}\u00a0\u00bb][et_pb_column type=\u00a0\u00bb1_2&Prime; _builder_version=\u00a0\u00bb4.27.4&Prime; _module_preset=\u00a0\u00bbdefault\u00a0\u00bb global_colors_info=\u00a0\u00bb{}\u00a0\u00bb][et_pb_text _builder_version=\u00a0\u00bb4.27.4&Prime; _module_preset=\u00a0\u00bbdefault\u00a0\u00bb text_text_color=\u00a0\u00bb#FFFFFF\u00a0\u00bb header_text_color=\u00a0\u00bb#000000&Prime; header_2_text_color=\u00a0\u00bb#0C71C3&Prime; custom_margin=\u00a0\u00bb||0px|||\u00a0\u00bb animation_style=\u00a0\u00bbfade\u00a0\u00bb animation_duration=\u00a0\u00bb400ms\u00a0\u00bb global_colors_info=\u00a0\u00bb{}\u00a0\u00bb]<strong><em>Les 9, 10, 13 &#038; 14 OCTOBRE 2025 dans cinq \u00e9tablissements scolaires de l&rsquo;agglom\u00e9ration de Montpellier<\/em><\/strong>[\/et_pb_text][et_pb_text _builder_version=\u00a0\u00bb4.27.4&Prime; _module_preset=\u00a0\u00bb94348bfe-9160-40f2-a5f0-d862bcd89ff1&Prime; header_2_text_color=\u00a0\u00bb#FFFFFF\u00a0\u00bb header_2_font_size=\u00a0\u00bb55px\u00a0\u00bb max_width=\u00a0\u00bb100%\u00a0\u00bb custom_margin=\u00a0\u00bb0px||0px||false|false\u00a0\u00bb custom_padding=\u00a0\u00bb0px||0px||false|false\u00a0\u00bb animation_style=\u00a0\u00bbfade\u00a0\u00bb animation_duration=\u00a0\u00bb750ms\u00a0\u00bb global_colors_info=\u00a0\u00bb{}\u00a0\u00bb]<\/p>\n<h2>Journ\u00e9es de la Cor\u00e9e<\/h2>\n<p>[\/et_pb_text][et_pb_text _builder_version=\u00a0\u00bb4.27.4&Prime; _module_preset=\u00a0\u00bbdefault\u00a0\u00bb text_text_color=\u00a0\u00bb#FFFFFF\u00a0\u00bb global_colors_info=\u00a0\u00bb{}\u00a0\u00bb]<\/p>\n<p>KFAC propose une journ\u00e9e de la Cor\u00e9e dans quatre \u00e9tablissements scolaires de l&rsquo;agglom\u00e9ration de Montpellier.<\/p>\n<p>Au programme : spectacles de danse traditionnelle cor\u00e9enne, ateliers cr\u00e9atifs et exp\u00e9riences culinaires vari\u00e9es.<\/p>\n<ul>\n<li class=\"whitespace-normal break-words\">9 octobre : Lyc\u00e9e Jules Guesde<\/li>\n<li class=\"whitespace-normal break-words\">10 octobre : Coll\u00e8ge Arthur Rimbaud<\/li>\n<li class=\"whitespace-normal break-words\">13 octobre : Lyc\u00e9e <span data-olk-copy-source=\"MessageBody\">Dhuoda<\/span> et Coll\u00e8ge Fontcarrade<\/li>\n<li class=\"whitespace-normal break-words\">14 octobre : Lyc\u00e9e Jean Monnet<\/li>\n<\/ul>\n<p><i>En partenariat avec le centre culturel Cor\u00e9en, Montpellier M\u00e9diterran\u00e9e M\u00e9tropole, et l&rsquo;acad\u00e9mie de Montpellier<\/i><\/p>\n<p>&nbsp;<\/p>\n<p>[\/et_pb_text][\/et_pb_column][et_pb_column type=\u00a0\u00bb1_2&Prime; _builder_version=\u00a0\u00bb4.27.4&Prime; _module_preset=\u00a0\u00bbdefault\u00a0\u00bb global_colors_info=\u00a0\u00bb{}\u00a0\u00bb][et_pb_image src=\u00a0\u00bbhttps:\/\/kfac.fr\/wp-content\/uploads\/2025\/09\/journee-de-la-coree.jpg\u00a0\u00bb alt=\u00a0\u00bbJourn\u00e9es de la Cor\u00e9e\u00a0\u00bb title_text=\u00a0\u00bbjournee-de-la-coree\u00a0\u00bb _builder_version=\u00a0\u00bb4.27.4&Prime; _module_preset=\u00a0\u00bbdefault\u00a0\u00bb max_height=\u00a0\u00bb76vh\u00a0\u00bb global_colors_info=\u00a0\u00bb{}\u00a0\u00bb][\/et_pb_image][\/et_pb_column][\/et_pb_row][\/et_pb_section][et_pb_section fb_built=\u00a0\u00bb1&Prime; admin_label=\u00a0\u00bbFooter\u00a0\u00bb _builder_version=\u00a0\u00bb4.27.4&Prime; _module_preset=\u00a0\u00bbdefault\u00a0\u00bb background_color=\u00a0\u00bb#000000&Prime; custom_padding=\u00a0\u00bb0px||0px||false|false\u00a0\u00bb saved_tabs=\u00a0\u00bball\u00a0\u00bb locked=\u00a0\u00bboff\u00a0\u00bb collapsed=\u00a0\u00bbon\u00a0\u00bb global_colors_info=\u00a0\u00bb{}\u00a0\u00bb][et_pb_row column_structure=\u00a0\u00bb1_3,1_3,1_3&Prime; _builder_version=\u00a0\u00bb4.24.2&Prime; _module_preset=\u00a0\u00bbdefault\u00a0\u00bb width=\u00a0\u00bb90%\u00a0\u00bb max_width=\u00a0\u00bbnone\u00a0\u00bb global_colors_info=\u00a0\u00bb{}\u00a0\u00bb][et_pb_column type=\u00a0\u00bb1_3&Prime; _builder_version=\u00a0\u00bb4.24.1&Prime; _module_preset=\u00a0\u00bbdefault\u00a0\u00bb global_colors_info=\u00a0\u00bb{}\u00a0\u00bb][\/et_pb_column][et_pb_column type=\u00a0\u00bb1_3&Prime; _builder_version=\u00a0\u00bb4.24.1&Prime; _module_preset=\u00a0\u00bbdefault\u00a0\u00bb global_colors_info=\u00a0\u00bb{}\u00a0\u00bb][et_pb_image src=\u00a0\u00bbhttp:\/\/kfac.fr\/wp-content\/uploads\/2025\/05\/logo-kfac-h70-white.png\u00a0\u00bb alt=\u00a0\u00bbKorean French Art Connexion\u00a0\u00bb title_text=\u00a0\u00bblogo-kfac-h70-white\u00a0\u00bb url=\u00a0\u00bb@ET-DC@eyJkeW5hbWljIjp0cnVlLCJjb250ZW50IjoiaG9tZV91cmwiLCJzZXR0aW5ncyI6e319@\u00a0\u00bb align=\u00a0\u00bbcenter\u00a0\u00bb _builder_version=\u00a0\u00bb4.27.4&Prime; _dynamic_attributes=\u00a0\u00bburl\u00a0\u00bb _module_preset=\u00a0\u00bbdefault\u00a0\u00bb global_colors_info=\u00a0\u00bb{}\u00a0\u00bb][\/et_pb_image][\/et_pb_column][et_pb_column type=\u00a0\u00bb1_3&Prime; _builder_version=\u00a0\u00bb4.24.1&Prime; _module_preset=\u00a0\u00bbdefault\u00a0\u00bb global_colors_info=\u00a0\u00bb{}\u00a0\u00bb][et_pb_social_media_follow _builder_version=\u00a0\u00bb4.27.4&Prime; _module_preset=\u00a0\u00bbdefault\u00a0\u00bb text_orientation=\u00a0\u00bbright\u00a0\u00bb text_orientation_tablet=\u00a0\u00bbcenter\u00a0\u00bb text_orientation_phone=\u00a0\u00bbcenter\u00a0\u00bb text_orientation_last_edited=\u00a0\u00bbon|tablet\u00a0\u00bb global_colors_info=\u00a0\u00bb{}\u00a0\u00bb][et_pb_social_media_follow_network social_network=\u00a0\u00bbfacebook\u00a0\u00bb url=\u00a0\u00bbhttps:\/\/www.facebook.com\/festivalcoreedici\u00a0\u00bb _builder_version=\u00a0\u00bb4.27.4&Prime; _module_preset=\u00a0\u00bbdefault\u00a0\u00bb global_colors_info=\u00a0\u00bb{}\u00a0\u00bb follow_button=\u00a0\u00bboff\u00a0\u00bb url_new_window=\u00a0\u00bbon\u00a0\u00bb]facebook[\/et_pb_social_media_follow_network][et_pb_social_media_follow_network social_network=\u00a0\u00bbinstagram\u00a0\u00bb url=\u00a0\u00bbhttps:\/\/www.instagram.com\/association_coreegraphie\/\u00a0\u00bb _builder_version=\u00a0\u00bb4.27.4&Prime; _module_preset=\u00a0\u00bbdefault\u00a0\u00bb global_colors_info=\u00a0\u00bb{}\u00a0\u00bb follow_button=\u00a0\u00bboff\u00a0\u00bb url_new_window=\u00a0\u00bbon\u00a0\u00bb]instagram[\/et_pb_social_media_follow_network][et_pb_social_media_follow_network social_network=\u00a0\u00bbtiktok\u00a0\u00bb url=\u00a0\u00bbhttps:\/\/www.tiktok.com\/@coreegraphie\u00a0\u00bb _builder_version=\u00a0\u00bb4.27.4&Prime; _module_preset=\u00a0\u00bbdefault\u00a0\u00bb background_color=\u00a0\u00bbRGBA(255,255,255,0)\u00a0\u00bb background_enable_color=\u00a0\u00bbon\u00a0\u00bb global_colors_info=\u00a0\u00bb{}\u00a0\u00bb follow_button=\u00a0\u00bboff\u00a0\u00bb url_new_window=\u00a0\u00bbon\u00a0\u00bb]tiktok[\/et_pb_social_media_follow_network][et_pb_social_media_follow_network social_network=\u00a0\u00bbyoutube\u00a0\u00bb url=\u00a0\u00bbhttps:\/\/www.youtube.com\/channel\/UCqpPGDrDt0USoG3pQdcu7PQ\/videos\u00a0\u00bb _builder_version=\u00a0\u00bb4.27.4&Prime; _module_preset=\u00a0\u00bbdefault\u00a0\u00bb background_color=\u00a0\u00bbRGBA(255,255,255,0)\u00a0\u00bb background_enable_color=\u00a0\u00bbon\u00a0\u00bb global_colors_info=\u00a0\u00bb{}\u00a0\u00bb follow_button=\u00a0\u00bboff\u00a0\u00bb url_new_window=\u00a0\u00bbon\u00a0\u00bb]youtube[\/et_pb_social_media_follow_network][\/et_pb_social_media_follow][\/et_pb_column][\/et_pb_row][\/et_pb_section]<\/p>\n","protected":false},"excerpt":{"rendered":"<p>KOREAN FRENCH ART CONNECTION 2025Suyeong YaryuLE 11 OCTOBRE 2025 &Agrave; L&rsquo;OP&Eacute;RA COM&Eacute;DIE \/ SALLE MOLIERE \/ MONTPELLIERLe Suyeong Yaryu est une pi\u00e8ce de th\u00e9\u00e2tre traditionnel qui se joue avec un masque, originaire des villes de Suyeong-dong, Nam-du et Busan. Il est consid\u00e9r\u00e9 comme un bien culturel immat\u00e9riel depuis 1971. Il s\u2019agit d\u2019un rite social et [&hellip;]<\/p>\n","protected":false},"author":1,"featured_media":0,"parent":870,"menu_order":0,"comment_status":"closed","ping_status":"closed","template":"","meta":{"_et_pb_use_builder":"on","_et_pb_old_content":"","_et_gb_content_width":"","footnotes":""},"class_list":["post-138","page","type-page","status-publish","hentry"],"_links":{"self":[{"href":"https:\/\/kfac.fr\/ko\/wp-json\/wp\/v2\/pages\/138","targetHints":{"allow":["GET"]}}],"collection":[{"href":"https:\/\/kfac.fr\/ko\/wp-json\/wp\/v2\/pages"}],"about":[{"href":"https:\/\/kfac.fr\/ko\/wp-json\/wp\/v2\/types\/page"}],"author":[{"embeddable":true,"href":"https:\/\/kfac.fr\/ko\/wp-json\/wp\/v2\/users\/1"}],"replies":[{"embeddable":true,"href":"https:\/\/kfac.fr\/ko\/wp-json\/wp\/v2\/comments?post=138"}],"version-history":[{"count":36,"href":"https:\/\/kfac.fr\/ko\/wp-json\/wp\/v2\/pages\/138\/revisions"}],"predecessor-version":[{"id":1049,"href":"https:\/\/kfac.fr\/ko\/wp-json\/wp\/v2\/pages\/138\/revisions\/1049"}],"up":[{"embeddable":true,"href":"https:\/\/kfac.fr\/ko\/wp-json\/wp\/v2\/pages\/870"}],"wp:attachment":[{"href":"https:\/\/kfac.fr\/ko\/wp-json\/wp\/v2\/media?parent=138"}],"curies":[{"name":"wp","href":"https:\/\/api.w.org\/{rel}","templated":true}]}}